{"id":1655,"date":"2023-09-20T14:05:32","date_gmt":"2023-09-20T12:05:32","guid":{"rendered":"https:\/\/lejardindegwenn.fr\/?page_id=1655"},"modified":"2026-04-30T09:05:56","modified_gmt":"2026-04-30T07:05:56","slug":"box-dejeuner-entreprise","status":"publish","type":"page","link":"https:\/\/lejardindegwenn.fr\/index.php\/box-dejeuner-entreprise\/","title":{"rendered":"Espace entreprise"},"content":{"rendered":"<style>.wp-block-kadence-advancedheading.kt-adv-heading1655_fe00e5-bf, .wp-block-kadence-advancedheading.kt-adv-heading1655_fe00e5-bf[data-kb-block=\"kb-adv-heading1655_fe00e5-bf\"]{text-align:center;font-size:var(--global-kb-font-size-lg, 2rem);font-style:normal;font-family:\"Palatino Linotype\", \"Book Antiqua\", Palatino, serif;color:#506a4d;}.wp-block-kadence-advancedheading.kt-adv-heading1655_fe00e5-bf mark.kt-highlight, .wp-block-kadence-advancedheading.kt-adv-heading1655_fe00e5-bf[data-kb-block=\"kb-adv-heading1655_fe00e5-bf\"] mark.kt-highlight{font-style:normal;color:#f76a0c;-webkit-box-decoration-break:clone;box-decoration-break:clone;padding-top:0px;padding-right:0px;padding-bottom:0px;padding-left:0px;}<\/style>\n<p class=\"kt-adv-heading1655_fe00e5-bf wp-block-kadence-advancedheading\" data-kb-block=\"kb-adv-heading1655_fe00e5-bf\"><strong>BOX DEJEUNER ENTREPRISE<\/strong><\/p>\n\n\n<style>.wp-block-kadence-advancedheading.kt-adv-heading1655_b824f5-95, .wp-block-kadence-advancedheading.kt-adv-heading1655_b824f5-95[data-kb-block=\"kb-adv-heading1655_b824f5-95\"]{text-align:center;font-size:20px;font-style:normal;font-family:\"Palatino Linotype\", \"Book Antiqua\", Palatino, serif;color:#506a4d;}.wp-block-kadence-advancedheading.kt-adv-heading1655_b824f5-95 mark.kt-highlight, .wp-block-kadence-advancedheading.kt-adv-heading1655_b824f5-95[data-kb-block=\"kb-adv-heading1655_b824f5-95\"] mark.kt-highlight{font-style:normal;color:#f76a0c;-webkit-box-decoration-break:clone;box-decoration-break:clone;padding-top:0px;padding-right:0px;padding-bottom:0px;padding-left:0px;}<\/style>\n<p class=\"kt-adv-heading1655_b824f5-95 wp-block-kadence-advancedheading\" data-kb-block=\"kb-adv-heading1655_b824f5-95\">La box d\u00e9jeuner est \u00e0 la fois saine, gourmande et 100% faite-maison. Id\u00e9ale pour les \u00e9v\u00e8nements d&rsquo;entreprise. Il est possible d&rsquo;adapter la box avec une version v\u00e9g\u00e9tarienne.         <strong>Prix : 17\u20ac00 TTC<\/strong><\/p>\n\n\n\n<div class=\"wp-block-columns is-layout-flex wp-container-core-columns-is-layout-9d6595d7 wp-block-columns-is-layout-flex\">\n<div class=\"wp-block-column is-layout-flow wp-block-column-is-layout-flow\">\n<figure class=\"wp-block-image size-full\"><img decoding=\"async\" data-src=\"https:\/\/lejardindegwenn.fr\/wp-content\/uploads\/2024\/09\/boxdej2.jpg\" alt=\"box traiteur brest d\u00e9jeuner entreprise\" class=\"wp-image-3214 lazyload\" src=\"data:image\/svg+xml;base64,PHN2ZyB3aWR0aD0iMSIgaGVpZ2h0PSIxIiB4bWxucz0iaHR0cDovL3d3dy53My5vcmcvMjAwMC9zdmciPjwvc3ZnPg==\" style=\"--smush-placeholder-width: 4000px; --smush-placeholder-aspect-ratio: 4000\/6000;\" \/><\/figure>\n<\/div>\n\n\n\n<div class=\"wp-block-column is-layout-flow wp-block-column-is-layout-flow\">\n<figure class=\"wp-block-image size-large\"><img fetchpriority=\"high\" decoding=\"async\" width=\"683\" height=\"1024\" src=\"https:\/\/lejardindegwenn.fr\/wp-content\/uploads\/2024\/09\/boxdej-683x1024.jpg\" alt=\"box traiteur brest d\u00e9jeuner entreprise\" class=\"wp-image-3213\" srcset=\"https:\/\/lejardindegwenn.fr\/wp-content\/uploads\/2024\/09\/boxdej-683x1024.jpg 683w, https:\/\/lejardindegwenn.fr\/wp-content\/uploads\/2024\/09\/boxdej-200x300.jpg 200w, https:\/\/lejardindegwenn.fr\/wp-content\/uploads\/2024\/09\/boxdej-scaled.jpg 1707w\" sizes=\"(max-width: 683px) 100vw, 683px\" \/><\/figure>\n<\/div>\n<\/div>\n\n\n<style>.wp-block-kadence-advancedheading.kt-adv-heading1655_98a903-ef, .wp-block-kadence-advancedheading.kt-adv-heading1655_98a903-ef[data-kb-block=\"kb-adv-heading1655_98a903-ef\"]{text-align:center;font-size:20px;font-style:normal;font-family:\"Palatino Linotype\", \"Book Antiqua\", Palatino, serif;color:#506a4d;}.wp-block-kadence-advancedheading.kt-adv-heading1655_98a903-ef mark.kt-highlight, .wp-block-kadence-advancedheading.kt-adv-heading1655_98a903-ef[data-kb-block=\"kb-adv-heading1655_98a903-ef\"] mark.kt-highlight{font-style:normal;color:#f76a0c;-webkit-box-decoration-break:clone;box-decoration-break:clone;padding-top:0px;padding-right:0px;padding-bottom:0px;padding-left:0px;}<\/style>\n<p class=\"kt-adv-heading1655_98a903-ef wp-block-kadence-advancedheading\" data-kb-block=\"kb-adv-heading1655_98a903-ef\">Cette derni\u00e8re comprend : une salade du moment, un burger au choix (poulet sauce barbecue ou burger v\u00e9g\u00e9tarien du moment), une boisson au choix (cannette : coca, coca z\u00e9ro, eau plate, perrier, th\u00e9 glac\u00e9 p\u00eache ou th\u00e9 vert\/menthe, oasis tropical ou fanta orange), un dessert au choix (cookie recette du moment, brownie aux graine ou financier sarrasin chocolat sans gluten).<\/p>\n\n\n<style>.wp-block-kadence-advancedheading.kt-adv-heading1655_d0a916-6e, .wp-block-kadence-advancedheading.kt-adv-heading1655_d0a916-6e[data-kb-block=\"kb-adv-heading1655_d0a916-6e\"]{text-align:center;font-size:var(--global-kb-font-size-md, 1.25rem);font-style:italic;font-family:\"Palatino Linotype\", \"Book Antiqua\", Palatino, serif;color:#506a4d;}.wp-block-kadence-advancedheading.kt-adv-heading1655_d0a916-6e mark.kt-highlight, .wp-block-kadence-advancedheading.kt-adv-heading1655_d0a916-6e[data-kb-block=\"kb-adv-heading1655_d0a916-6e\"] mark.kt-highlight{font-style:normal;color:#f76a0c;-webkit-box-decoration-break:clone;box-decoration-break:clone;padding-top:0px;padding-right:0px;padding-bottom:0px;padding-left:0px;}<\/style>\n<p class=\"kt-adv-heading1655_d0a916-6e wp-block-kadence-advancedheading\" data-kb-block=\"kb-adv-heading1655_d0a916-6e\">Couverts et serviettes inclus dans la box et les plateaux repas<\/p>\n\n\n<style>.wp-block-kadence-advancedheading.kt-adv-heading1655_360a9b-13, .wp-block-kadence-advancedheading.kt-adv-heading1655_360a9b-13[data-kb-block=\"kb-adv-heading1655_360a9b-13\"]{text-align:center;font-size:var(--global-kb-font-size-lg, 2rem);font-style:normal;font-family:\"Palatino Linotype\", \"Book Antiqua\", Palatino, serif;color:#074932;}.wp-block-kadence-advancedheading.kt-adv-heading1655_360a9b-13 mark.kt-highlight, .wp-block-kadence-advancedheading.kt-adv-heading1655_360a9b-13[data-kb-block=\"kb-adv-heading1655_360a9b-13\"] mark.kt-highlight{font-style:normal;color:#f76a0c;-webkit-box-decoration-break:clone;box-decoration-break:clone;padding-top:0px;padding-right:0px;padding-bottom:0px;padding-left:0px;}<\/style>\n<p class=\"kt-adv-heading1655_360a9b-13 wp-block-kadence-advancedheading\" data-kb-block=\"kb-adv-heading1655_360a9b-13\"><strong>BOX PETIT DEJ<\/strong> <strong>ENTREPRISE<\/strong><\/p>\n\n\n<style>.wp-block-kadence-advancedheading.kt-adv-heading1655_b349c0-8e, .wp-block-kadence-advancedheading.kt-adv-heading1655_b349c0-8e[data-kb-block=\"kb-adv-heading1655_b349c0-8e\"]{text-align:center;font-size:20px;font-style:normal;font-family:\"Palatino Linotype\", \"Book Antiqua\", Palatino, serif;color:#104430;}.wp-block-kadence-advancedheading.kt-adv-heading1655_b349c0-8e mark.kt-highlight, .wp-block-kadence-advancedheading.kt-adv-heading1655_b349c0-8e[data-kb-block=\"kb-adv-heading1655_b349c0-8e\"] mark.kt-highlight{font-style:normal;color:#f76a0c;-webkit-box-decoration-break:clone;box-decoration-break:clone;padding-top:0px;padding-right:0px;padding-bottom:0px;padding-left:0px;}<\/style>\n<p class=\"kt-adv-heading1655_b349c0-8e wp-block-kadence-advancedheading\" data-kb-block=\"kb-adv-heading1655_b349c0-8e\">Nous proposons \u00e9galement une grande box petit d\u00e9jeuner, pour 5 personnes. Cette derni\u00e8re est compos\u00e9e de 10 cr\u00eapes, 5 petites brioches, une vingtaine de chouquettes, 10 parts de cakes (du moment), 5 pots de fruits (fruits du moment), pots de caramel beurre sal\u00e9 et chocolat maison.<\/p>\n\n\n<style>.wp-block-kadence-advancedheading.kt-adv-heading1655_31cdcd-bc, .wp-block-kadence-advancedheading.kt-adv-heading1655_31cdcd-bc[data-kb-block=\"kb-adv-heading1655_31cdcd-bc\"]{text-align:center;font-size:var(--global-kb-font-size-md, 1.25rem);font-style:normal;font-family:\"Palatino Linotype\", \"Book Antiqua\", Palatino, serif;color:#144e39;}.wp-block-kadence-advancedheading.kt-adv-heading1655_31cdcd-bc mark.kt-highlight, .wp-block-kadence-advancedheading.kt-adv-heading1655_31cdcd-bc[data-kb-block=\"kb-adv-heading1655_31cdcd-bc\"] mark.kt-highlight{font-style:normal;color:#f76a0c;-webkit-box-decoration-break:clone;box-decoration-break:clone;padding-top:0px;padding-right:0px;padding-bottom:0px;padding-left:0px;}<\/style>\n<p class=\"kt-adv-heading1655_31cdcd-bc wp-block-kadence-advancedheading\" data-kb-block=\"kb-adv-heading1655_31cdcd-bc\"><strong><em>Tarif entreprise : 45\u20acTTC<\/em><\/strong><\/p>\n\n\n\n<div class=\"wp-block-columns is-layout-flex wp-container-core-columns-is-layout-9d6595d7 wp-block-columns-is-layout-flex\">\n<div class=\"wp-block-column is-layout-flow wp-block-column-is-layout-flow\">\n<figure class=\"wp-block-image size-large\"><img decoding=\"async\" width=\"683\" height=\"1024\" data-src=\"https:\/\/lejardindegwenn.fr\/wp-content\/uploads\/2024\/11\/boxpetitdej-683x1024.jpg\" alt=\"box petit d\u00e9jeuner brest\" class=\"wp-image-3515 lazyload\" data-srcset=\"https:\/\/lejardindegwenn.fr\/wp-content\/uploads\/2024\/11\/boxpetitdej-683x1024.jpg 683w, https:\/\/lejardindegwenn.fr\/wp-content\/uploads\/2024\/11\/boxpetitdej-200x300.jpg 200w, https:\/\/lejardindegwenn.fr\/wp-content\/uploads\/2024\/11\/boxpetitdej-768x1152.jpg 768w, https:\/\/lejardindegwenn.fr\/wp-content\/uploads\/2024\/11\/boxpetitdej-1024x1536.jpg 1024w, https:\/\/lejardindegwenn.fr\/wp-content\/uploads\/2024\/11\/boxpetitdej-1365x2048.jpg 1365w, https:\/\/lejardindegwenn.fr\/wp-content\/uploads\/2024\/11\/boxpetitdej-2000x3000.jpg 2000w, https:\/\/lejardindegwenn.fr\/wp-content\/uploads\/2024\/11\/boxpetitdej-600x900.jpg 600w, https:\/\/lejardindegwenn.fr\/wp-content\/uploads\/2024\/11\/boxpetitdej-scaled.jpg 1707w\" data-sizes=\"(max-width: 683px) 100vw, 683px\" src=\"data:image\/svg+xml;base64,PHN2ZyB3aWR0aD0iMSIgaGVpZ2h0PSIxIiB4bWxucz0iaHR0cDovL3d3dy53My5vcmcvMjAwMC9zdmciPjwvc3ZnPg==\" style=\"--smush-placeholder-width: 683px; --smush-placeholder-aspect-ratio: 683\/1024;\" \/><\/figure>\n<\/div>\n\n\n\n<div class=\"wp-block-column is-layout-flow wp-block-column-is-layout-flow\">\n<figure class=\"wp-block-image size-full\"><img decoding=\"async\" data-src=\"https:\/\/lejardindegwenn.fr\/wp-content\/uploads\/2024\/11\/boxpetitdejeuner.jpg\" alt=\"box petit d\u00e9jeuner brest\" class=\"wp-image-3513 lazyload\" src=\"data:image\/svg+xml;base64,PHN2ZyB3aWR0aD0iMSIgaGVpZ2h0PSIxIiB4bWxucz0iaHR0cDovL3d3dy53My5vcmcvMjAwMC9zdmciPjwvc3ZnPg==\" style=\"--smush-placeholder-width: 4000px; --smush-placeholder-aspect-ratio: 4000\/6000;\" \/><\/figure>\n<\/div>\n<\/div>\n\n\n<style>.wp-block-kadence-advancedheading.kt-adv-heading1655_c1f42e-19, .wp-block-kadence-advancedheading.kt-adv-heading1655_c1f42e-19[data-kb-block=\"kb-adv-heading1655_c1f42e-19\"]{text-align:center;font-size:var(--global-kb-font-size-lg, 2rem);font-style:normal;font-family:\"Palatino Linotype\", \"Book Antiqua\", Palatino, serif;text-transform:uppercase;color:#2e7032;}.wp-block-kadence-advancedheading.kt-adv-heading1655_c1f42e-19 mark.kt-highlight, .wp-block-kadence-advancedheading.kt-adv-heading1655_c1f42e-19[data-kb-block=\"kb-adv-heading1655_c1f42e-19\"] mark.kt-highlight{font-style:normal;color:#f76a0c;-webkit-box-decoration-break:clone;box-decoration-break:clone;padding-top:0px;padding-right:0px;padding-bottom:0px;padding-left:0px;}<\/style>\n<h2 class=\"kt-adv-heading1655_c1f42e-19 wp-block-kadence-advancedheading\" data-kb-block=\"kb-adv-heading1655_c1f42e-19\"><strong>Petit-d\u00e9jeuner BUSINESS \u2013 sucr\u00e9 &amp; sal\u00e9<\/strong><\/h2>\n\n\n<style>.wp-block-kadence-advancedheading.kt-adv-heading1655_6bc5aa-c7, .wp-block-kadence-advancedheading.kt-adv-heading1655_6bc5aa-c7[data-kb-block=\"kb-adv-heading1655_6bc5aa-c7\"]{text-align:center;font-size:var(--global-kb-font-size-md, 1.25rem);font-style:normal;font-family:\"Palatino Linotype\", \"Book Antiqua\", Palatino, serif;color:#2b5739;}.wp-block-kadence-advancedheading.kt-adv-heading1655_6bc5aa-c7 mark.kt-highlight, .wp-block-kadence-advancedheading.kt-adv-heading1655_6bc5aa-c7[data-kb-block=\"kb-adv-heading1655_6bc5aa-c7\"] mark.kt-highlight{font-style:normal;color:#f76a0c;-webkit-box-decoration-break:clone;box-decoration-break:clone;padding-top:0px;padding-right:0px;padding-bottom:0px;padding-left:0px;}<\/style>\n<h2 class=\"kt-adv-heading1655_6bc5aa-c7 wp-block-kadence-advancedheading\" data-kb-block=\"kb-adv-heading1655_6bc5aa-c7\"><br>Offrez \u00e0 vos \u00e9quipes un moment gourmand d\u00e8s le matin avec nos formules petit-d\u00e9jeuner, id\u00e9ales pour vos r\u00e9unions, s\u00e9minaires ou moments de convivialit\u00e9 en entreprise.<br>Nous proposons des plateaux sucr\u00e9s et sal\u00e9s, enti\u00e8rement faits maison \u00e0 partir de produits frais :<br>chouquettes, cakes, cr\u00eapes et fromage blanc pour le c\u00f4t\u00e9 sucr\u00e9, accompagn\u00e9s de burgers, quiches, wraps, croque, ainsi que de charcuterie et fromages pour une offre compl\u00e8te et \u00e9quilibr\u00e9e.<br>Une formule g\u00e9n\u00e9reuse, vari\u00e9e et pens\u00e9e pour satisfaire tous les go\u00fbts, du plus l\u00e9ger au plus gourmand.<br>\ud83d\udcbc <strong>Formule \u00e0 9,50 \u20ac par personne<\/strong><br>\ud83d\udc65 <strong>Minimum de commande : 10 personnes<\/strong><br>Disponible en retrait ou en livraison selon vos besoins.<br>Simple, bon et efficace : tout ce qu\u2019il faut pour bien commencer la journ\u00e9e en \u00e9quipe.<\/h2>\n\n\n<style>.wp-block-kadence-advancedheading.kt-adv-heading1655_d4b6dd-95, .wp-block-kadence-advancedheading.kt-adv-heading1655_d4b6dd-95[data-kb-block=\"kb-adv-heading1655_d4b6dd-95\"]{text-align:center;font-style:normal;font-family:\"Palatino Linotype\", \"Book Antiqua\", Palatino, serif;color:#093a28;}.wp-block-kadence-advancedheading.kt-adv-heading1655_d4b6dd-95 mark.kt-highlight, .wp-block-kadence-advancedheading.kt-adv-heading1655_d4b6dd-95[data-kb-block=\"kb-adv-heading1655_d4b6dd-95\"] mark.kt-highlight{font-style:normal;color:#f76a0c;-webkit-box-decoration-break:clone;box-decoration-break:clone;padding-top:0px;padding-right:0px;padding-bottom:0px;padding-left:0px;}<\/style>\n<p class=\"kt-adv-heading1655_d4b6dd-95 wp-block-kadence-advancedheading\" data-kb-block=\"kb-adv-heading1655_d4b6dd-95\"><em>La photo ne repr\u00e9sente pas les quantit\u00e9s exactes de la box <\/em><\/p>\n\n\n\n<figure class=\"wp-block-gallery has-nested-images columns-default is-cropped wp-block-gallery-1 is-layout-flex wp-block-gallery-is-layout-flex\">\n<figure class=\"wp-block-image size-large\"><img decoding=\"async\" data-id=\"5402\" data-src=\"https:\/\/lejardindegwenn.fr\/wp-content\/uploads\/2026\/04\/IMG_5897.jpg\" alt=\"PETIT DEJ\" class=\"wp-image-5402 lazyload\" src=\"data:image\/svg+xml;base64,PHN2ZyB3aWR0aD0iMSIgaGVpZ2h0PSIxIiB4bWxucz0iaHR0cDovL3d3dy53My5vcmcvMjAwMC9zdmciPjwvc3ZnPg==\" style=\"--smush-placeholder-width: 4284px; --smush-placeholder-aspect-ratio: 4284\/5712;\" \/><\/figure>\n\n\n\n<figure class=\"wp-block-image size-large\"><img decoding=\"async\" data-id=\"5401\" data-src=\"https:\/\/lejardindegwenn.fr\/wp-content\/uploads\/2026\/04\/IMG_5896.jpg\" alt=\"PETIT DEJ \" class=\"wp-image-5401 lazyload\" src=\"data:image\/svg+xml;base64,PHN2ZyB3aWR0aD0iMSIgaGVpZ2h0PSIxIiB4bWxucz0iaHR0cDovL3d3dy53My5vcmcvMjAwMC9zdmciPjwvc3ZnPg==\" style=\"--smush-placeholder-width: 4284px; --smush-placeholder-aspect-ratio: 4284\/5712;\" \/><\/figure>\n<\/figure>\n\n\n<style>.wp-block-kadence-advancedheading.kt-adv-heading1655_b2dfba-9b, .wp-block-kadence-advancedheading.kt-adv-heading1655_b2dfba-9b[data-kb-block=\"kb-adv-heading1655_b2dfba-9b\"]{text-align:center;font-size:var(--global-kb-font-size-lg, 2rem);font-style:normal;font-family:\"Palatino Linotype\", \"Book Antiqua\", Palatino, serif;color:#133b2c;}.wp-block-kadence-advancedheading.kt-adv-heading1655_b2dfba-9b mark.kt-highlight, .wp-block-kadence-advancedheading.kt-adv-heading1655_b2dfba-9b[data-kb-block=\"kb-adv-heading1655_b2dfba-9b\"] mark.kt-highlight{font-style:normal;color:#f76a0c;-webkit-box-decoration-break:clone;box-decoration-break:clone;padding-top:0px;padding-right:0px;padding-bottom:0px;padding-left:0px;}<\/style>\n<p class=\"kt-adv-heading1655_b2dfba-9b wp-block-kadence-advancedheading\" data-kb-block=\"kb-adv-heading1655_b2dfba-9b\"><strong>NOS BOX MIGNARDISES<\/strong><\/p>\n\n\n\n<figure class=\"wp-block-gallery has-nested-images columns-default is-cropped wp-block-gallery-2 is-layout-flex wp-block-gallery-is-layout-flex\">\n<figure class=\"wp-block-image size-large\"><img decoding=\"async\" data-id=\"4328\" data-src=\"https:\/\/lejardindegwenn.fr\/wp-content\/uploads\/2025\/06\/aboxsalee.jpg\" alt=\"box sal\u00e9e brest entreprise\" class=\"wp-image-4328 lazyload\" src=\"data:image\/svg+xml;base64,PHN2ZyB3aWR0aD0iMSIgaGVpZ2h0PSIxIiB4bWxucz0iaHR0cDovL3d3dy53My5vcmcvMjAwMC9zdmciPjwvc3ZnPg==\" style=\"--smush-placeholder-width: 4000px; --smush-placeholder-aspect-ratio: 4000\/6000;\" \/><\/figure>\n\n\n\n<figure class=\"wp-block-image size-large\"><img decoding=\"async\" data-id=\"4173\" data-src=\"https:\/\/lejardindegwenn.fr\/wp-content\/uploads\/2025\/04\/aboxdessertgour-2.jpg\" alt=\"box mignardises sucr\u00e9es brest entreprise\" class=\"wp-image-4173 lazyload\" src=\"data:image\/svg+xml;base64,PHN2ZyB3aWR0aD0iMSIgaGVpZ2h0PSIxIiB4bWxucz0iaHR0cDovL3d3dy53My5vcmcvMjAwMC9zdmciPjwvc3ZnPg==\" style=\"--smush-placeholder-width: 4000px; --smush-placeholder-aspect-ratio: 4000\/6000;\" \/><\/figure>\n\n\n\n<figure class=\"wp-block-image size-large\"><img decoding=\"async\" width=\"683\" height=\"1024\" data-id=\"4168\" data-src=\"https:\/\/lejardindegwenn.fr\/wp-content\/uploads\/2025\/04\/aboxgour-683x1024.jpg\" alt=\"box mignardises entreprise\" class=\"wp-image-4168 lazyload\" data-srcset=\"https:\/\/lejardindegwenn.fr\/wp-content\/uploads\/2025\/04\/aboxgour-683x1024.jpg 683w, https:\/\/lejardindegwenn.fr\/wp-content\/uploads\/2025\/04\/aboxgour-200x300.jpg 200w, https:\/\/lejardindegwenn.fr\/wp-content\/uploads\/2025\/04\/aboxgour-scaled.jpg 1707w\" data-sizes=\"(max-width: 683px) 100vw, 683px\" src=\"data:image\/svg+xml;base64,PHN2ZyB3aWR0aD0iMSIgaGVpZ2h0PSIxIiB4bWxucz0iaHR0cDovL3d3dy53My5vcmcvMjAwMC9zdmciPjwvc3ZnPg==\" style=\"--smush-placeholder-width: 683px; --smush-placeholder-aspect-ratio: 683\/1024;\" \/><\/figure>\n<\/figure>\n\n\n<style>.wp-block-kadence-advancedheading.kt-adv-heading1655_3268f5-05, .wp-block-kadence-advancedheading.kt-adv-heading1655_3268f5-05[data-kb-block=\"kb-adv-heading1655_3268f5-05\"]{text-align:center;font-size:var(--global-kb-font-size-md, 1.25rem);font-style:normal;font-family:\"Palatino Linotype\", \"Book Antiqua\", Palatino, serif;color:#194637;}.wp-block-kadence-advancedheading.kt-adv-heading1655_3268f5-05 mark.kt-highlight, .wp-block-kadence-advancedheading.kt-adv-heading1655_3268f5-05[data-kb-block=\"kb-adv-heading1655_3268f5-05\"] mark.kt-highlight{font-style:normal;color:#f76a0c;-webkit-box-decoration-break:clone;box-decoration-break:clone;padding-top:0px;padding-right:0px;padding-bottom:0px;padding-left:0px;}.wp-block-kadence-advancedheading.kt-adv-heading1655_3268f5-05[data-kb-block=\"kb-adv-heading1655_3268f5-05\"] a, .kt-adv-heading-link1655_3268f5-05, .kt-adv-heading-link1655_3268f5-05 .kt-adv-heading1655_3268f5-05[data-kb-block=\"kb-adv-heading1655_3268f5-05\"]{color:#0e2c21;}<\/style>\n<p class=\"kt-adv-heading1655_3268f5-05 wp-block-kadence-advancedheading\" data-kb-block=\"kb-adv-heading1655_3268f5-05\">Nous proposons \u00e9galement des box avec <strong><a href=\"https:\/\/lejardindegwenn.fr\/index.php\/box-salee\/\">mignardises sal\u00e9es<\/a> <\/strong>ainsi que les box avec<strong><a href=\"https:\/\/lejardindegwenn.fr\/index.php\/boxs-desserts\/\"> mignardises sucr\u00e9es<\/a><\/strong>. Plusieurs assortiments et formats disponibles. Con\u00e7ues pour allier praticit\u00e9, raffinement et gain de temps, nos box sont faciles \u00e0 transporter et pr\u00eates \u00e0 d\u00e9guster. En effet, elles s\u2019adaptent \u00e0 toutes les configurations et vous permettent d\u2019offrir \u00e0 vos collaborateurs ou invit\u00e9s une exp\u00e9rience savoureuse, sans contrainte logistique. <em>Toutes les informations sont sur les liens cliquables.<\/em> <\/p>\n\n\n<style>.wp-block-kadence-advancedheading.kt-adv-heading1655_98b759-b9, .wp-block-kadence-advancedheading.kt-adv-heading1655_98b759-b9[data-kb-block=\"kb-adv-heading1655_98b759-b9\"]{text-align:center;font-size:var(--global-kb-font-size-lg, 2rem);font-style:normal;font-family:\"Palatino Linotype\", \"Book Antiqua\", Palatino, serif;color:#133b2c;}.wp-block-kadence-advancedheading.kt-adv-heading1655_98b759-b9 mark.kt-highlight, .wp-block-kadence-advancedheading.kt-adv-heading1655_98b759-b9[data-kb-block=\"kb-adv-heading1655_98b759-b9\"] mark.kt-highlight{font-style:normal;color:#f76a0c;-webkit-box-decoration-break:clone;box-decoration-break:clone;padding-top:0px;padding-right:0px;padding-bottom:0px;padding-left:0px;}<\/style>\n<p class=\"kt-adv-heading1655_98b759-b9 wp-block-kadence-advancedheading\" data-kb-block=\"kb-adv-heading1655_98b759-b9\"><strong>NOS PLATEAUX DE FRUITS \/ LEGUMES<\/strong><\/p>\n\n\n\n<figure class=\"wp-block-gallery has-nested-images columns-default is-cropped wp-block-gallery-3 is-layout-flex wp-block-gallery-is-layout-flex\">\n<figure class=\"wp-block-image size-large\"><img decoding=\"async\" width=\"1707\" height=\"2560\" data-id=\"4714\" data-src=\"https:\/\/lejardindegwenn.fr\/wp-content\/uploads\/2025\/09\/alzgumeq1-2-scaled.jpg\" alt=\"plateau crudit\u00e9s l\u00e9gumes brest\" class=\"wp-image-4714 lazyload\" data-srcset=\"https:\/\/lejardindegwenn.fr\/wp-content\/uploads\/2025\/09\/alzgumeq1-2-scaled.jpg 1707w, https:\/\/lejardindegwenn.fr\/wp-content\/uploads\/2025\/09\/alzgumeq1-2-200x300.jpg 200w\" data-sizes=\"(max-width: 1707px) 100vw, 1707px\" src=\"data:image\/svg+xml;base64,PHN2ZyB3aWR0aD0iMSIgaGVpZ2h0PSIxIiB4bWxucz0iaHR0cDovL3d3dy53My5vcmcvMjAwMC9zdmciPjwvc3ZnPg==\" style=\"--smush-placeholder-width: 1707px; --smush-placeholder-aspect-ratio: 1707\/2560;\" \/><\/figure>\n\n\n\n<figure class=\"wp-block-image size-large\"><img decoding=\"async\" width=\"683\" height=\"1024\" data-id=\"4719\" data-src=\"https:\/\/lejardindegwenn.fr\/wp-content\/uploads\/2025\/09\/aplteaudeffruits-683x1024.jpg\" alt=\"plateau de fruits \n\" class=\"wp-image-4719 lazyload\" data-srcset=\"https:\/\/lejardindegwenn.fr\/wp-content\/uploads\/2025\/09\/aplteaudeffruits-683x1024.jpg 683w, https:\/\/lejardindegwenn.fr\/wp-content\/uploads\/2025\/09\/aplteaudeffruits-200x300.jpg 200w, https:\/\/lejardindegwenn.fr\/wp-content\/uploads\/2025\/09\/aplteaudeffruits-scaled.jpg 1707w\" data-sizes=\"(max-width: 683px) 100vw, 683px\" src=\"data:image\/svg+xml;base64,PHN2ZyB3aWR0aD0iMSIgaGVpZ2h0PSIxIiB4bWxucz0iaHR0cDovL3d3dy53My5vcmcvMjAwMC9zdmciPjwvc3ZnPg==\" style=\"--smush-placeholder-width: 683px; --smush-placeholder-aspect-ratio: 683\/1024;\" \/><\/figure>\n<\/figure>\n\n\n<style>.wp-block-kadence-advancedheading.kt-adv-heading1655_af7d7c-ed, .wp-block-kadence-advancedheading.kt-adv-heading1655_af7d7c-ed[data-kb-block=\"kb-adv-heading1655_af7d7c-ed\"]{text-align:center;font-size:var(--global-kb-font-size-md, 1.25rem);font-style:normal;font-family:\"Palatino Linotype\", \"Book Antiqua\", Palatino, serif;color:#194637;}.wp-block-kadence-advancedheading.kt-adv-heading1655_af7d7c-ed mark.kt-highlight, .wp-block-kadence-advancedheading.kt-adv-heading1655_af7d7c-ed[data-kb-block=\"kb-adv-heading1655_af7d7c-ed\"] mark.kt-highlight{font-style:normal;color:#f76a0c;-webkit-box-decoration-break:clone;box-decoration-break:clone;padding-top:0px;padding-right:0px;padding-bottom:0px;padding-left:0px;}.wp-block-kadence-advancedheading.kt-adv-heading1655_af7d7c-ed[data-kb-block=\"kb-adv-heading1655_af7d7c-ed\"] a, .kt-adv-heading-link1655_af7d7c-ed, .kt-adv-heading-link1655_af7d7c-ed .kt-adv-heading1655_af7d7c-ed[data-kb-block=\"kb-adv-heading1655_af7d7c-ed\"]{color:#0e2c21;}<\/style>\n<p class=\"kt-adv-heading1655_af7d7c-ed wp-block-kadence-advancedheading\" data-kb-block=\"kb-adv-heading1655_af7d7c-ed\">Pour vos r\u00e9unions, s\u00e9minaires ou cocktails d\u2019entreprise, nous proposons des <strong><a href=\"https:\/\/lejardindegwenn.fr\/index.php\/plateau-de-fruits\/\">p<\/a><a href=\"https:\/\/lejardindegwenn.fr\/index.php\/plateau-de-crudites-brest\/\">lateaux de fruits 60 \u20ac<\/a> et de <a href=\"https:\/\/lejardindegwenn.fr\/index.php\/plateau-de-crudites-brest\/\">l\u00e9gumes de saison<\/a><\/strong> 55\u20ac, soigneusement pr\u00e9par\u00e9s pour allier fra\u00eecheur, \u00e9quilibre et \u00e9l\u00e9gance. Une solution saine et conviviale qui valorise vos \u00e9v\u00e9nements professionnels tout en r\u00e9galant vos collaborateurs et invit\u00e9s. <em>Toutes les informations sont sur les liens cliquables.<\/em> <\/p>\n\n\n<style>.wp-block-kadence-advancedheading.kt-adv-heading1655_9b4e18-7f, .wp-block-kadence-advancedheading.kt-adv-heading1655_9b4e18-7f[data-kb-block=\"kb-adv-heading1655_9b4e18-7f\"]{text-align:center;font-size:var(--global-kb-font-size-lg, 2rem);font-style:normal;font-family:\"Palatino Linotype\", \"Book Antiqua\", Palatino, serif;color:#205a3f;}.wp-block-kadence-advancedheading.kt-adv-heading1655_9b4e18-7f mark.kt-highlight, .wp-block-kadence-advancedheading.kt-adv-heading1655_9b4e18-7f[data-kb-block=\"kb-adv-heading1655_9b4e18-7f\"] mark.kt-highlight{font-style:normal;color:#f76a0c;-webkit-box-decoration-break:clone;box-decoration-break:clone;padding-top:0px;padding-right:0px;padding-bottom:0px;padding-left:0px;}<\/style>\n<h2 class=\"kt-adv-heading1655_9b4e18-7f wp-block-kadence-advancedheading\" data-kb-block=\"kb-adv-heading1655_9b4e18-7f\"><strong>SERVICE TRAITEUR <\/strong><\/h2>\n\n\n<style>.wp-block-kadence-advancedheading.kt-adv-heading1655_730692-e6, .wp-block-kadence-advancedheading.kt-adv-heading1655_730692-e6[data-kb-block=\"kb-adv-heading1655_730692-e6\"]{text-align:center;font-size:var(--global-kb-font-size-md, 1.25rem);font-style:normal;font-family:\"Palatino Linotype\", \"Book Antiqua\", Palatino, serif;color:#506a4d;}.wp-block-kadence-advancedheading.kt-adv-heading1655_730692-e6 mark.kt-highlight, .wp-block-kadence-advancedheading.kt-adv-heading1655_730692-e6[data-kb-block=\"kb-adv-heading1655_730692-e6\"] mark.kt-highlight{font-style:normal;color:#f76a0c;-webkit-box-decoration-break:clone;box-decoration-break:clone;padding-top:0px;padding-right:0px;padding-bottom:0px;padding-left:0px;}.wp-block-kadence-advancedheading.kt-adv-heading1655_730692-e6[data-kb-block=\"kb-adv-heading1655_730692-e6\"] a, .kt-adv-heading-link1655_730692-e6, .kt-adv-heading-link1655_730692-e6 .kt-adv-heading1655_730692-e6[data-kb-block=\"kb-adv-heading1655_730692-e6\"]{color:#093525;}<\/style>\n<p class=\"kt-adv-heading1655_730692-e6 wp-block-kadence-advancedheading\" data-kb-block=\"kb-adv-heading1655_730692-e6\">Enfin, vous avez \u00e9galement la possibilit\u00e9 de faire appel \u00e0 notre service traiteur, plus d&rsquo;informations en cliquant <strong><a href=\"https:\/\/lejardindegwenn.fr\/index.php\/traiteur\/\">ici<\/a> <\/strong>. On vous propose des formules avec mignardises sal\u00e9es, sous forme de buffet, avec une jolie d\u00e9coration. Installation et service possible. Il est \u00e9galement possible de ne pas faire d&rsquo;installation et d&rsquo;avoir le service traiteur uniquement en livraison. Dans ce cas, les formules sont livr\u00e9es dans de grandes boites.<\/p>\n\n\n<style>.wp-block-kadence-advancedheading.kt-adv-heading1655_c8b520-70, .wp-block-kadence-advancedheading.kt-adv-heading1655_c8b520-70[data-kb-block=\"kb-adv-heading1655_c8b520-70\"]{text-align:center;font-size:var(--global-kb-font-size-md, 1.25rem);font-style:normal;font-family:\"Palatino Linotype\", \"Book Antiqua\", Palatino, serif;color:#1f4739;}.wp-block-kadence-advancedheading.kt-adv-heading1655_c8b520-70 mark.kt-highlight, .wp-block-kadence-advancedheading.kt-adv-heading1655_c8b520-70[data-kb-block=\"kb-adv-heading1655_c8b520-70\"] mark.kt-highlight{font-style:normal;color:#f76a0c;-webkit-box-decoration-break:clone;box-decoration-break:clone;padding-top:0px;padding-right:0px;padding-bottom:0px;padding-left:0px;}<\/style>\n<p class=\"kt-adv-heading1655_c8b520-70 wp-block-kadence-advancedheading\" data-kb-block=\"kb-adv-heading1655_c8b520-70\"><strong>Pour toute autre demande, vous pouvez nous contacter par mail : lejardindegwennpatisserie@gmail.com<\/strong><\/p>\n\n\n\n<ul class=\"wp-block-social-links aligncenter is-content-justification-center is-layout-flex wp-container-core-social-links-is-layout-16018d1d wp-block-social-links-is-layout-flex\"><li class=\"wp-social-link wp-social-link-instagram  wp-block-social-link\"><a href=\"https:\/\/www.instagram.com\/le_jardin_de_gwenn\/\" class=\"wp-block-social-link-anchor\"><svg width=\"24\" height=\"24\" viewBox=\"0 0 24 24\" version=\"1.1\" xmlns=\"http:\/\/www.w3.org\/2000\/svg\" aria-hidden=\"true\" focusable=\"false\"><path d=\"M12,4.622c2.403,0,2.688,0.009,3.637,0.052c0.877,0.04,1.354,0.187,1.671,0.31c0.42,0.163,0.72,0.358,1.035,0.673 c0.315,0.315,0.51,0.615,0.673,1.035c0.123,0.317,0.27,0.794,0.31,1.671c0.043,0.949,0.052,1.234,0.052,3.637 s-0.009,2.688-0.052,3.637c-0.04,0.877-0.187,1.354-0.31,1.671c-0.163,0.42-0.358,0.72-0.673,1.035 c-0.315,0.315-0.615,0.51-1.035,0.673c-0.317,0.123-0.794,0.27-1.671,0.31c-0.949,0.043-1.233,0.052-3.637,0.052 s-2.688-0.009-3.637-0.052c-0.877-0.04-1.354-0.187-1.671-0.31c-0.42-0.163-0.72-0.358-1.035-0.673 c-0.315-0.315-0.51-0.615-0.673-1.035c-0.123-0.317-0.27-0.794-0.31-1.671C4.631,14.688,4.622,14.403,4.622,12 s0.009-2.688,0.052-3.637c0.04-0.877,0.187-1.354,0.31-1.671c0.163-0.42,0.358-0.72,0.673-1.035 c0.315-0.315,0.615-0.51,1.035-0.673c0.317-0.123,0.794-0.27,1.671-0.31C9.312,4.631,9.597,4.622,12,4.622 M12,3 C9.556,3,9.249,3.01,8.289,3.054C7.331,3.098,6.677,3.25,6.105,3.472C5.513,3.702,5.011,4.01,4.511,4.511 c-0.5,0.5-0.808,1.002-1.038,1.594C3.25,6.677,3.098,7.331,3.054,8.289C3.01,9.249,3,9.556,3,12c0,2.444,0.01,2.751,0.054,3.711 c0.044,0.958,0.196,1.612,0.418,2.185c0.23,0.592,0.538,1.094,1.038,1.594c0.5,0.5,1.002,0.808,1.594,1.038 c0.572,0.222,1.227,0.375,2.185,0.418C9.249,20.99,9.556,21,12,21s2.751-0.01,3.711-0.054c0.958-0.044,1.612-0.196,2.185-0.418 c0.592-0.23,1.094-0.538,1.594-1.038c0.5-0.5,0.808-1.002,1.038-1.594c0.222-0.572,0.375-1.227,0.418-2.185 C20.99,14.751,21,14.444,21,12s-0.01-2.751-0.054-3.711c-0.044-0.958-0.196-1.612-0.418-2.185c-0.23-0.592-0.538-1.094-1.038-1.594 c-0.5-0.5-1.002-0.808-1.594-1.038c-0.572-0.222-1.227-0.375-2.185-0.418C14.751,3.01,14.444,3,12,3L12,3z M12,7.378 c-2.552,0-4.622,2.069-4.622,4.622S9.448,16.622,12,16.622s4.622-2.069,4.622-4.622S14.552,7.378,12,7.378z M12,15 c-1.657,0-3-1.343-3-3s1.343-3,3-3s3,1.343,3,3S13.657,15,12,15z M16.804,6.116c-0.596,0-1.08,0.484-1.08,1.08 s0.484,1.08,1.08,1.08c0.596,0,1.08-0.484,1.08-1.08S17.401,6.116,16.804,6.116z\"><\/path><\/svg><span class=\"wp-block-social-link-label screen-reader-text\">Instagram<\/span><\/a><\/li>\n\n<li class=\"wp-social-link wp-social-link-facebook  wp-block-social-link\"><a href=\"https:\/\/www.facebook.com\/lejardindegwenn\/?locale=es_ES&#038;_rdr\" class=\"wp-block-social-link-anchor\"><svg width=\"24\" height=\"24\" viewBox=\"0 0 24 24\" version=\"1.1\" xmlns=\"http:\/\/www.w3.org\/2000\/svg\" aria-hidden=\"true\" focusable=\"false\"><path d=\"M12 2C6.5 2 2 6.5 2 12c0 5 3.7 9.1 8.4 9.9v-7H7.9V12h2.5V9.8c0-2.5 1.5-3.9 3.8-3.9 1.1 0 2.2.2 2.2.2v2.5h-1.3c-1.2 0-1.6.8-1.6 1.6V12h2.8l-.4 2.9h-2.3v7C18.3 21.1 22 17 22 12c0-5.5-4.5-10-10-10z\"><\/path><\/svg><span class=\"wp-block-social-link-label screen-reader-text\">Facebook<\/span><\/a><\/li><\/ul>\n\n\n\n<p><\/p>\n","protected":false},"excerpt":{"rendered":"<p>BOX DEJEUNER ENTREPRISE La box d\u00e9jeuner est \u00e0 la fois saine, gourmande et 100% faite-maison. Id\u00e9ale pour les \u00e9v\u00e8nements d&rsquo;entreprise. Il est possible d&rsquo;adapter la box avec une version v\u00e9g\u00e9tarienne. Prix : 17\u20ac00 TTC Cette derni\u00e8re comprend : une salade du moment, un burger au choix (poulet sauce barbecue ou burger v\u00e9g\u00e9tarien du moment), une &hellip; <\/p>\n<p class=\"link-more\"><a href=\"https:\/\/lejardindegwenn.fr\/index.php\/box-dejeuner-entreprise\/\" class=\"more-link\">Lire la suite de<span class=\"screen-reader-text\">\u00ab\u00a0Espace entreprise\u00a0\u00bb<\/span><\/a><\/p>\n","protected":false},"author":1,"featured_media":0,"parent":0,"menu_order":0,"comment_status":"closed","ping_status":"closed","template":"","meta":{"_monsterinsights_skip_tracking":false,"_monsterinsights_sitenote_active":false,"_monsterinsights_sitenote_note":"","_monsterinsights_sitenote_category":0,"footnotes":""},"class_list":["post-1655","page","type-page","status-publish","hentry"],"yoast_head":"<!-- This site is optimized with the Yoast SEO plugin v26.1.1 - https:\/\/yoast.com\/wordpress\/plugins\/seo\/ -->\n<title>Entreprise - Le Jardin de Gwenn<\/title>\n<meta name=\"description\" content=\"Retrouvez notre espace entreprise, avec toutes nos propositions traiteur pour vos \u00e9v\u00e8nements professionnels. Sur Brest et aux alentours.\" \/>\n<meta name=\"robots\" content=\"index, follow, max-snippet:-1, max-image-preview:large, max-video-preview:-1\" \/>\n<link rel=\"canonical\" href=\"https:\/\/lejardindegwenn.fr\/index.php\/box-dejeuner-entreprise\/\" \/>\n<meta property=\"og:locale\" content=\"fr_FR\" \/>\n<meta property=\"og:type\" content=\"article\" \/>\n<meta property=\"og:title\" content=\"Entreprise - Le Jardin de Gwenn\" \/>\n<meta property=\"og:description\" content=\"Retrouvez notre espace entreprise, avec toutes nos propositions traiteur pour vos \u00e9v\u00e8nements professionnels. Sur Brest et aux alentours.\" \/>\n<meta property=\"og:url\" content=\"https:\/\/lejardindegwenn.fr\/index.php\/box-dejeuner-entreprise\/\" \/>\n<meta property=\"og:site_name\" content=\"Le Jardin de Gwenn\" \/>\n<meta property=\"article:publisher\" content=\"https:\/\/www.facebook.com\/lejardindegwenn\/?locale=fr_FR\" \/>\n<meta property=\"article:modified_time\" content=\"2026-04-30T07:05:56+00:00\" \/>\n<meta property=\"og:image\" content=\"https:\/\/lejardindegwenn.fr\/wp-content\/uploads\/2024\/09\/boxdej2.jpg\" \/>\n\t<meta property=\"og:image:width\" content=\"1\" \/>\n\t<meta property=\"og:image:height\" content=\"1\" \/>\n\t<meta property=\"og:image:type\" content=\"image\/jpeg\" \/>\n<meta name=\"twitter:card\" content=\"summary_large_image\" \/>\n<meta name=\"twitter:label1\" content=\"Dur\u00e9e de lecture estim\u00e9e\" \/>\n\t<meta name=\"twitter:data1\" content=\"5 minutes\" \/>\n<script type=\"application\/ld+json\" class=\"yoast-schema-graph\">{\"@context\":\"https:\/\/schema.org\",\"@graph\":[{\"@type\":\"WebPage\",\"@id\":\"https:\/\/lejardindegwenn.fr\/index.php\/box-dejeuner-entreprise\/\",\"url\":\"https:\/\/lejardindegwenn.fr\/index.php\/box-dejeuner-entreprise\/\",\"name\":\"Entreprise - Le Jardin de Gwenn\",\"isPartOf\":{\"@id\":\"https:\/\/lejardindegwenn.fr\/#website\"},\"primaryImageOfPage\":{\"@id\":\"https:\/\/lejardindegwenn.fr\/index.php\/box-dejeuner-entreprise\/#primaryimage\"},\"image\":{\"@id\":\"https:\/\/lejardindegwenn.fr\/index.php\/box-dejeuner-entreprise\/#primaryimage\"},\"thumbnailUrl\":\"https:\/\/lejardindegwenn.fr\/wp-content\/uploads\/2024\/09\/boxdej2.jpg\",\"datePublished\":\"2023-09-20T12:05:32+00:00\",\"dateModified\":\"2026-04-30T07:05:56+00:00\",\"description\":\"Retrouvez notre espace entreprise, avec toutes nos propositions traiteur pour vos \u00e9v\u00e8nements professionnels. Sur Brest et aux alentours.\",\"breadcrumb\":{\"@id\":\"https:\/\/lejardindegwenn.fr\/index.php\/box-dejeuner-entreprise\/#breadcrumb\"},\"inLanguage\":\"fr-FR\",\"potentialAction\":[{\"@type\":\"ReadAction\",\"target\":[\"https:\/\/lejardindegwenn.fr\/index.php\/box-dejeuner-entreprise\/\"]}]},{\"@type\":\"ImageObject\",\"inLanguage\":\"fr-FR\",\"@id\":\"https:\/\/lejardindegwenn.fr\/index.php\/box-dejeuner-entreprise\/#primaryimage\",\"url\":\"https:\/\/lejardindegwenn.fr\/wp-content\/uploads\/2024\/09\/boxdej2.jpg\",\"contentUrl\":\"https:\/\/lejardindegwenn.fr\/wp-content\/uploads\/2024\/09\/boxdej2.jpg\",\"caption\":\"box traiteur brest d\u00e9jeuner entreprise\"},{\"@type\":\"BreadcrumbList\",\"@id\":\"https:\/\/lejardindegwenn.fr\/index.php\/box-dejeuner-entreprise\/#breadcrumb\",\"itemListElement\":[{\"@type\":\"ListItem\",\"position\":1,\"name\":\"Accueil\",\"item\":\"https:\/\/lejardindegwenn.fr\/\"},{\"@type\":\"ListItem\",\"position\":2,\"name\":\"Espace entreprise\"}]},{\"@type\":\"WebSite\",\"@id\":\"https:\/\/lejardindegwenn.fr\/#website\",\"url\":\"https:\/\/lejardindegwenn.fr\/\",\"name\":\"Le Jardin de Gwenn\",\"description\":\"Restaurant @ P\u00e2tisserie \u00e0 Brest\",\"publisher\":{\"@id\":\"https:\/\/lejardindegwenn.fr\/#organization\"},\"potentialAction\":[{\"@type\":\"SearchAction\",\"target\":{\"@type\":\"EntryPoint\",\"urlTemplate\":\"https:\/\/lejardindegwenn.fr\/?s={search_term_string}\"},\"query-input\":{\"@type\":\"PropertyValueSpecification\",\"valueRequired\":true,\"valueName\":\"search_term_string\"}}],\"inLanguage\":\"fr-FR\"},{\"@type\":\"Organization\",\"@id\":\"https:\/\/lejardindegwenn.fr\/#organization\",\"name\":\"Le Jardin de Gwenn\",\"url\":\"https:\/\/lejardindegwenn.fr\/\",\"logo\":{\"@type\":\"ImageObject\",\"inLanguage\":\"fr-FR\",\"@id\":\"https:\/\/lejardindegwenn.fr\/#\/schema\/logo\/image\/\",\"url\":\"https:\/\/lejardindegwenn.fr\/wp-content\/uploads\/2022\/12\/cropped-Logo-jdg-.png\",\"contentUrl\":\"https:\/\/lejardindegwenn.fr\/wp-content\/uploads\/2022\/12\/cropped-Logo-jdg-.png\",\"width\":615,\"height\":406,\"caption\":\"Le Jardin de Gwenn\"},\"image\":{\"@id\":\"https:\/\/lejardindegwenn.fr\/#\/schema\/logo\/image\/\"},\"sameAs\":[\"https:\/\/www.facebook.com\/lejardindegwenn\/?locale=fr_FR\",\"https:\/\/www.instagram.com\/le_jardin_de_gwenn\/?hl=fr\"]}]}<\/script>\n<!-- \/ Yoast SEO plugin. -->","yoast_head_json":{"title":"Entreprise - Le Jardin de Gwenn","description":"Retrouvez notre espace entreprise, avec toutes nos propositions traiteur pour vos \u00e9v\u00e8nements professionnels. Sur Brest et aux alentours.","robots":{"index":"index","follow":"follow","max-snippet":"max-snippet:-1","max-image-preview":"max-image-preview:large","max-video-preview":"max-video-preview:-1"},"canonical":"https:\/\/lejardindegwenn.fr\/index.php\/box-dejeuner-entreprise\/","og_locale":"fr_FR","og_type":"article","og_title":"Entreprise - Le Jardin de Gwenn","og_description":"Retrouvez notre espace entreprise, avec toutes nos propositions traiteur pour vos \u00e9v\u00e8nements professionnels. Sur Brest et aux alentours.","og_url":"https:\/\/lejardindegwenn.fr\/index.php\/box-dejeuner-entreprise\/","og_site_name":"Le Jardin de Gwenn","article_publisher":"https:\/\/www.facebook.com\/lejardindegwenn\/?locale=fr_FR","article_modified_time":"2026-04-30T07:05:56+00:00","og_image":[{"url":"https:\/\/lejardindegwenn.fr\/wp-content\/uploads\/2024\/09\/boxdej2.jpg","width":1,"height":1,"type":"image\/jpeg"}],"twitter_card":"summary_large_image","twitter_misc":{"Dur\u00e9e de lecture estim\u00e9e":"5 minutes"},"schema":{"@context":"https:\/\/schema.org","@graph":[{"@type":"WebPage","@id":"https:\/\/lejardindegwenn.fr\/index.php\/box-dejeuner-entreprise\/","url":"https:\/\/lejardindegwenn.fr\/index.php\/box-dejeuner-entreprise\/","name":"Entreprise - Le Jardin de Gwenn","isPartOf":{"@id":"https:\/\/lejardindegwenn.fr\/#website"},"primaryImageOfPage":{"@id":"https:\/\/lejardindegwenn.fr\/index.php\/box-dejeuner-entreprise\/#primaryimage"},"image":{"@id":"https:\/\/lejardindegwenn.fr\/index.php\/box-dejeuner-entreprise\/#primaryimage"},"thumbnailUrl":"https:\/\/lejardindegwenn.fr\/wp-content\/uploads\/2024\/09\/boxdej2.jpg","datePublished":"2023-09-20T12:05:32+00:00","dateModified":"2026-04-30T07:05:56+00:00","description":"Retrouvez notre espace entreprise, avec toutes nos propositions traiteur pour vos \u00e9v\u00e8nements professionnels. Sur Brest et aux alentours.","breadcrumb":{"@id":"https:\/\/lejardindegwenn.fr\/index.php\/box-dejeuner-entreprise\/#breadcrumb"},"inLanguage":"fr-FR","potentialAction":[{"@type":"ReadAction","target":["https:\/\/lejardindegwenn.fr\/index.php\/box-dejeuner-entreprise\/"]}]},{"@type":"ImageObject","inLanguage":"fr-FR","@id":"https:\/\/lejardindegwenn.fr\/index.php\/box-dejeuner-entreprise\/#primaryimage","url":"https:\/\/lejardindegwenn.fr\/wp-content\/uploads\/2024\/09\/boxdej2.jpg","contentUrl":"https:\/\/lejardindegwenn.fr\/wp-content\/uploads\/2024\/09\/boxdej2.jpg","caption":"box traiteur brest d\u00e9jeuner entreprise"},{"@type":"BreadcrumbList","@id":"https:\/\/lejardindegwenn.fr\/index.php\/box-dejeuner-entreprise\/#breadcrumb","itemListElement":[{"@type":"ListItem","position":1,"name":"Accueil","item":"https:\/\/lejardindegwenn.fr\/"},{"@type":"ListItem","position":2,"name":"Espace entreprise"}]},{"@type":"WebSite","@id":"https:\/\/lejardindegwenn.fr\/#website","url":"https:\/\/lejardindegwenn.fr\/","name":"Le Jardin de Gwenn","description":"Restaurant @ P\u00e2tisserie \u00e0 Brest","publisher":{"@id":"https:\/\/lejardindegwenn.fr\/#organization"},"potentialAction":[{"@type":"SearchAction","target":{"@type":"EntryPoint","urlTemplate":"https:\/\/lejardindegwenn.fr\/?s={search_term_string}"},"query-input":{"@type":"PropertyValueSpecification","valueRequired":true,"valueName":"search_term_string"}}],"inLanguage":"fr-FR"},{"@type":"Organization","@id":"https:\/\/lejardindegwenn.fr\/#organization","name":"Le Jardin de Gwenn","url":"https:\/\/lejardindegwenn.fr\/","logo":{"@type":"ImageObject","inLanguage":"fr-FR","@id":"https:\/\/lejardindegwenn.fr\/#\/schema\/logo\/image\/","url":"https:\/\/lejardindegwenn.fr\/wp-content\/uploads\/2022\/12\/cropped-Logo-jdg-.png","contentUrl":"https:\/\/lejardindegwenn.fr\/wp-content\/uploads\/2022\/12\/cropped-Logo-jdg-.png","width":615,"height":406,"caption":"Le Jardin de Gwenn"},"image":{"@id":"https:\/\/lejardindegwenn.fr\/#\/schema\/logo\/image\/"},"sameAs":["https:\/\/www.facebook.com\/lejardindegwenn\/?locale=fr_FR","https:\/\/www.instagram.com\/le_jardin_de_gwenn\/?hl=fr"]}]}},"jetpack_sharing_enabled":true,"_links":{"self":[{"href":"https:\/\/lejardindegwenn.fr\/index.php\/wp-json\/wp\/v2\/pages\/1655","targetHints":{"allow":["GET"]}}],"collection":[{"href":"https:\/\/lejardindegwenn.fr\/index.php\/wp-json\/wp\/v2\/pages"}],"about":[{"href":"https:\/\/lejardindegwenn.fr\/index.php\/wp-json\/wp\/v2\/types\/page"}],"author":[{"embeddable":true,"href":"https:\/\/lejardindegwenn.fr\/index.php\/wp-json\/wp\/v2\/users\/1"}],"replies":[{"embeddable":true,"href":"https:\/\/lejardindegwenn.fr\/index.php\/wp-json\/wp\/v2\/comments?post=1655"}],"version-history":[{"count":35,"href":"https:\/\/lejardindegwenn.fr\/index.php\/wp-json\/wp\/v2\/pages\/1655\/revisions"}],"predecessor-version":[{"id":5405,"href":"https:\/\/lejardindegwenn.fr\/index.php\/wp-json\/wp\/v2\/pages\/1655\/revisions\/5405"}],"wp:attachment":[{"href":"https:\/\/lejardindegwenn.fr\/index.php\/wp-json\/wp\/v2\/media?parent=1655"}],"curies":[{"name":"wp","href":"https:\/\/api.w.org\/{rel}","templated":true}]}}