{"id":5795,"date":"2026-08-30T20:10:47","date_gmt":"2026-08-30T18:10:47","guid":{"rendered":"https:\/\/lejardindegwenn.fr\/?page_id=5795"},"modified":"2026-08-30T20:10:48","modified_gmt":"2026-08-30T18:10:48","slug":"plateau-de-crepes","status":"publish","type":"page","link":"https:\/\/lejardindegwenn.fr\/index.php\/plateau-de-crepes\/","title":{"rendered":"Plateau de cr\u00eapes"},"content":{"rendered":"<style>.wp-block-kadence-advancedheading.kt-adv-heading5795_9b97b0-9c, .wp-block-kadence-advancedheading.kt-adv-heading5795_9b97b0-9c[data-kb-block=\"kb-adv-heading5795_9b97b0-9c\"]{text-align:center;font-size:38px;font-style:normal;font-family:\"Palatino Linotype\", \"Book Antiqua\", Palatino, serif;color:#506a4d;}.wp-block-kadence-advancedheading.kt-adv-heading5795_9b97b0-9c mark.kt-highlight, .wp-block-kadence-advancedheading.kt-adv-heading5795_9b97b0-9c[data-kb-block=\"kb-adv-heading5795_9b97b0-9c\"] mark.kt-highlight{font-style:normal;color:#f76a0c;-webkit-box-decoration-break:clone;box-decoration-break:clone;padding-top:0px;padding-right:0px;padding-bottom:0px;padding-left:0px;}<\/style>\n<h1 class=\"kt-adv-heading5795_9b97b0-9c wp-block-kadence-advancedheading\" data-kb-block=\"kb-adv-heading5795_9b97b0-9c\"><strong>PLATEAU DE CR\u00caPES<\/strong><\/h1>\n\n\n<style>.wp-block-kadence-advancedgallery .kb-gallery-type-masonry.kb-gallery-id-5795_b47109-30{margin:-5px;}.kb-gallery-type-masonry.kb-gallery-id-5795_b47109-30 .kadence-blocks-gallery-item{padding:5px;}.kb-gallery-id-5795_b47109-30 .kadence-blocks-gallery-item .kb-gal-image-radius, .kb-gallery-id-5795_b47109-30 .kb-slide-item .kb-gal-image-radius img{border-radius:0px 0px 0px 0px;;}<\/style><div class=\"kb-gallery-wrap-id-5795_b47109-30 alignnone wp-block-kadence-advancedgallery\"><ul class=\"kb-gallery-ul kb-gallery-non-static kb-gallery-type-masonry kb-masonry-init kb-gallery-id-5795_b47109-30 kb-gallery-caption-style-bottom-hover kb-gallery-filter-none\" data-image-filter=\"none\" data-item-selector=\".kadence-blocks-gallery-item\" data-lightbox-caption=\"true\" data-columns-xxl=\"2\" data-columns-xl=\"2\" data-columns-md=\"2\" data-columns-sm=\"2\" data-columns-xs=\"1\" data-columns-ss=\"1\"><li class=\"kadence-blocks-gallery-item\"><div class=\"kadence-blocks-gallery-item-inner\"><figure class=\"kb-gallery-figure kadence-blocks-gallery-item-hide-caption\"><div class=\"kb-gal-image-radius\" style=\"max-width:683px;\"><div class=\"kb-gallery-image-contain kadence-blocks-gallery-intrinsic\" style=\"padding-bottom:149%;\"><img fetchpriority=\"high\" decoding=\"async\" src=\"https:\/\/lejardindegwenn.fr\/wp-content\/uploads\/2026\/08\/DSC04694-683x1024.jpg\" width=\"683\" height=\"1024\" alt=\"\" data-full-image=\"https:\/\/lejardindegwenn.fr\/wp-content\/uploads\/2026\/08\/DSC04694-scaled.jpg\" data-light-image=\"https:\/\/lejardindegwenn.fr\/wp-content\/uploads\/2026\/08\/DSC04694-scaled.jpg\" data-id=\"5802\" class=\"wp-image-5802\" srcset=\"https:\/\/lejardindegwenn.fr\/wp-content\/uploads\/2026\/08\/DSC04694-683x1024.jpg 683w, https:\/\/lejardindegwenn.fr\/wp-content\/uploads\/2026\/08\/DSC04694-200x300.jpg 200w, https:\/\/lejardindegwenn.fr\/wp-content\/uploads\/2026\/08\/DSC04694-768x1152.jpg 768w, https:\/\/lejardindegwenn.fr\/wp-content\/uploads\/2026\/08\/DSC04694-scaled.jpg 1707w\" sizes=\"(max-width: 683px) 100vw, 683px\" \/><\/div><\/div><\/figure><\/div><\/li><li class=\"kadence-blocks-gallery-item\"><div class=\"kadence-blocks-gallery-item-inner\"><figure class=\"kb-gallery-figure kadence-blocks-gallery-item-hide-caption\"><div class=\"kb-gal-image-radius\" style=\"max-width:683px;\"><div class=\"kb-gallery-image-contain kadence-blocks-gallery-intrinsic\" style=\"padding-bottom:149%;\"><img decoding=\"async\" data-src=\"https:\/\/lejardindegwenn.fr\/wp-content\/uploads\/2026\/08\/DSC04678-683x1024.jpg\" width=\"683\" height=\"1024\" alt=\"\" data-full-image=\"https:\/\/lejardindegwenn.fr\/wp-content\/uploads\/2026\/08\/DSC04678-scaled.jpg\" data-light-image=\"https:\/\/lejardindegwenn.fr\/wp-content\/uploads\/2026\/08\/DSC04678-scaled.jpg\" data-id=\"5801\" class=\"wp-image-5801 lazyload\" data-srcset=\"https:\/\/lejardindegwenn.fr\/wp-content\/uploads\/2026\/08\/DSC04678-683x1024.jpg 683w, https:\/\/lejardindegwenn.fr\/wp-content\/uploads\/2026\/08\/DSC04678-200x300.jpg 200w, https:\/\/lejardindegwenn.fr\/wp-content\/uploads\/2026\/08\/DSC04678-768x1152.jpg 768w, https:\/\/lejardindegwenn.fr\/wp-content\/uploads\/2026\/08\/DSC04678-scaled.jpg 1707w\" data-sizes=\"(max-width: 683px) 100vw, 683px\" src=\"data:image\/svg+xml;base64,PHN2ZyB3aWR0aD0iMSIgaGVpZ2h0PSIxIiB4bWxucz0iaHR0cDovL3d3dy53My5vcmcvMjAwMC9zdmciPjwvc3ZnPg==\" style=\"--smush-placeholder-width: 683px; --smush-placeholder-aspect-ratio: 683\/1024;\" \/><\/div><\/div><\/figure><\/div><\/li><\/ul><\/div>\n\n<style>.wp-block-kadence-advancedheading.kt-adv-heading5795_3282ce-eb, .wp-block-kadence-advancedheading.kt-adv-heading5795_3282ce-eb[data-kb-block=\"kb-adv-heading5795_3282ce-eb\"]{text-align:center;font-size:20px;font-style:normal;font-family:\"Palatino Linotype\", \"Book Antiqua\", Palatino, serif;color:#506a4d;}.wp-block-kadence-advancedheading.kt-adv-heading5795_3282ce-eb mark.kt-highlight, .wp-block-kadence-advancedheading.kt-adv-heading5795_3282ce-eb[data-kb-block=\"kb-adv-heading5795_3282ce-eb\"] mark.kt-highlight{font-style:normal;color:#f76a0c;-webkit-box-decoration-break:clone;box-decoration-break:clone;padding-top:0px;padding-right:0px;padding-bottom:0px;padding-left:0px;}<\/style>\n<p class=\"kt-adv-heading5795_3282ce-eb wp-block-kadence-advancedheading\" data-kb-block=\"kb-adv-heading5795_3282ce-eb\">Nous vous proposons un plateau de cr\u00eapes comprenant 60 de <strong>nos fameuses cr\u00eapes sucr\u00e9es<\/strong>, confectionn\u00e9es par nos p\u00e2tissi\u00e8res. Les cr\u00eapes sont accompagn\u00e9es de 2 <strong>p\u00e2tes \u00e0 tartiner au choix<\/strong>: Chocolat \/ Noisette, Pistache ou Caramel au Beurre Sal\u00e9.<\/p>\n\n\n<style>.wp-block-kadence-advancedheading.kt-adv-heading5795_4715f1-6d, .wp-block-kadence-advancedheading.kt-adv-heading5795_4715f1-6d[data-kb-block=\"kb-adv-heading5795_4715f1-6d\"]{text-align:center;font-size:20px;font-style:normal;font-family:\"Palatino Linotype\", \"Book Antiqua\", Palatino, serif;color:#506a4d;}.wp-block-kadence-advancedheading.kt-adv-heading5795_4715f1-6d mark.kt-highlight, .wp-block-kadence-advancedheading.kt-adv-heading5795_4715f1-6d[data-kb-block=\"kb-adv-heading5795_4715f1-6d\"] mark.kt-highlight{font-style:normal;color:#f76a0c;-webkit-box-decoration-break:clone;box-decoration-break:clone;padding-top:0px;padding-right:0px;padding-bottom:0px;padding-left:0px;}<\/style>\n<p class=\"kt-adv-heading5795_4715f1-6d wp-block-kadence-advancedheading\" data-kb-block=\"kb-adv-heading5795_4715f1-6d\"><strong>Prix : 60\u20ac TTC<\/strong><\/p>\n\n\n<style>.wp-block-kadence-advancedgallery .kb-gallery-type-masonry.kb-gallery-id-5795_32d6f8-67{margin:-5px;}.kb-gallery-type-masonry.kb-gallery-id-5795_32d6f8-67 .kadence-blocks-gallery-item{padding:5px;}.kb-gallery-id-5795_32d6f8-67 .kadence-blocks-gallery-item .kb-gal-image-radius, .kb-gallery-id-5795_32d6f8-67 .kb-slide-item .kb-gal-image-radius img{border-radius:0px 0px 0px 0px;;}<\/style><div class=\"kb-gallery-wrap-id-5795_32d6f8-67 alignnone wp-block-kadence-advancedgallery\"><ul class=\"kb-gallery-ul kb-gallery-non-static kb-gallery-type-masonry kb-masonry-init kb-gallery-id-5795_32d6f8-67 kb-gallery-caption-style-bottom-hover kb-gallery-filter-none\" data-image-filter=\"none\" data-item-selector=\".kadence-blocks-gallery-item\" data-lightbox-caption=\"true\" data-columns-xxl=\"1\" data-columns-xl=\"1\" data-columns-md=\"1\" data-columns-sm=\"1\" data-columns-xs=\"1\" data-columns-ss=\"1\"><li class=\"kadence-blocks-gallery-item\"><div class=\"kadence-blocks-gallery-item-inner\"><figure class=\"kb-gallery-figure kadence-blocks-gallery-item-hide-caption\"><div class=\"kb-gal-image-radius\" style=\"max-width:950px;\"><div class=\"kb-gallery-image-contain kadence-blocks-gallery-intrinsic\" style=\"padding-bottom:66%;\"><img decoding=\"async\" data-src=\"https:\/\/lejardindegwenn.fr\/wp-content\/uploads\/2026\/08\/DSC04673-1024x683.jpg\" width=\"950\" height=\"634\" alt=\"\" data-full-image=\"https:\/\/lejardindegwenn.fr\/wp-content\/uploads\/2026\/08\/DSC04673-scaled.jpg\" data-light-image=\"https:\/\/lejardindegwenn.fr\/wp-content\/uploads\/2026\/08\/DSC04673-scaled.jpg\" data-id=\"5800\" class=\"wp-image-5800 lazyload\" data-srcset=\"https:\/\/lejardindegwenn.fr\/wp-content\/uploads\/2026\/08\/DSC04673-1024x683.jpg 1024w, https:\/\/lejardindegwenn.fr\/wp-content\/uploads\/2026\/08\/DSC04673-300x200.jpg 300w, https:\/\/lejardindegwenn.fr\/wp-content\/uploads\/2026\/08\/DSC04673-768x512.jpg 768w\" data-sizes=\"(max-width: 950px) 100vw, 950px\" src=\"data:image\/svg+xml;base64,PHN2ZyB3aWR0aD0iMSIgaGVpZ2h0PSIxIiB4bWxucz0iaHR0cDovL3d3dy53My5vcmcvMjAwMC9zdmciPjwvc3ZnPg==\" style=\"--smush-placeholder-width: 950px; --smush-placeholder-aspect-ratio: 950\/634;\" \/><\/div><\/div><\/figure><\/div><\/li><\/ul><\/div>\n\n<style>.wp-block-kadence-advancedheading.kt-adv-heading5795_85a16c-72, .wp-block-kadence-advancedheading.kt-adv-heading5795_85a16c-72[data-kb-block=\"kb-adv-heading5795_85a16c-72\"]{text-align:center;font-size:20px;font-style:normal;font-family:\"Palatino Linotype\", \"Book Antiqua\", Palatino, serif;color:#506a4d;}.wp-block-kadence-advancedheading.kt-adv-heading5795_85a16c-72 mark.kt-highlight, .wp-block-kadence-advancedheading.kt-adv-heading5795_85a16c-72[data-kb-block=\"kb-adv-heading5795_85a16c-72\"] mark.kt-highlight{font-style:normal;color:#f76a0c;-webkit-box-decoration-break:clone;box-decoration-break:clone;padding-top:0px;padding-right:0px;padding-bottom:0px;padding-left:0px;}<\/style>\n<p class=\"kt-adv-heading5795_85a16c-72 wp-block-kadence-advancedheading\" data-kb-block=\"kb-adv-heading5795_85a16c-72\">Prolongez ce <strong>moment gourmand avec <a href=\"https:\/\/lejardindegwenn.fr\/index.php\/boxs-desserts\/\">nos boxs dessert<\/a><\/strong>, pour compl\u00e9ter un petit-d\u00e9jeuner ou un go\u00fbt\u00e9. Ainsi vous pourrez profiter d&rsquo;un assortiment de pi\u00e8ces sucr\u00e9es.<\/p>\n\n\n\n<p><\/p>\n","protected":false},"excerpt":{"rendered":"<p>PLATEAU DE CR\u00caPES Nous vous proposons un plateau de cr\u00eapes comprenant 60 de nos fameuses cr\u00eapes sucr\u00e9es, confectionn\u00e9es par nos p\u00e2tissi\u00e8res. Les cr\u00eapes sont accompagn\u00e9es de 2 p\u00e2tes \u00e0 tartiner au choix: Chocolat \/ Noisette, Pistache ou Caramel au Beurre Sal\u00e9. Prix : 60\u20ac TTC Prolongez ce moment gourmand avec nos boxs dessert, pour compl\u00e9ter &hellip; <\/p>\n<p class=\"link-more\"><a href=\"https:\/\/lejardindegwenn.fr\/index.php\/plateau-de-crepes\/\" class=\"more-link\">Lire la suite de<span class=\"screen-reader-text\">\u00ab\u00a0Plateau de cr\u00eapes\u00a0\u00bb<\/span><\/a><\/p>\n","protected":false},"author":1,"featured_media":0,"parent":0,"menu_order":0,"comment_status":"closed","ping_status":"closed","template":"","meta":{"_monsterinsights_skip_tracking":false,"_monsterinsights_sitenote_active":false,"_monsterinsights_sitenote_note":"","_monsterinsights_sitenote_category":0,"footnotes":""},"class_list":["post-5795","page","type-page","status-publish","hentry"],"yoast_head":"<!-- This site is optimized with the Yoast SEO plugin v26.1.1 - https:\/\/yoast.com\/wordpress\/plugins\/seo\/ -->\n<title>Plateau de cr\u00eapes - Le Jardin de Gwenn<\/title>\n<meta name=\"description\" content=\"Partagez un moment convivial et profitez d&#039;un plateau de 60 de nous fameuses cr\u00eapes sucr\u00e9es avec 2 tartinades au choix.\" \/>\n<meta name=\"robots\" content=\"index, follow, max-snippet:-1, max-image-preview:large, max-video-preview:-1\" \/>\n<link rel=\"canonical\" href=\"https:\/\/lejardindegwenn.fr\/index.php\/plateau-de-crepes\/\" \/>\n<meta property=\"og:locale\" content=\"fr_FR\" \/>\n<meta property=\"og:type\" content=\"article\" \/>\n<meta property=\"og:title\" content=\"Plateau de cr\u00eapes - Le Jardin de Gwenn\" \/>\n<meta property=\"og:description\" content=\"Partagez un moment convivial et profitez d&#039;un plateau de 60 de nous fameuses cr\u00eapes sucr\u00e9es avec 2 tartinades au choix.\" \/>\n<meta property=\"og:url\" content=\"https:\/\/lejardindegwenn.fr\/index.php\/plateau-de-crepes\/\" \/>\n<meta property=\"og:site_name\" content=\"Le Jardin de Gwenn\" \/>\n<meta property=\"article:publisher\" content=\"https:\/\/www.facebook.com\/lejardindegwenn\/?locale=fr_FR\" \/>\n<meta property=\"article:modified_time\" content=\"2026-08-30T18:10:48+00:00\" \/>\n<meta name=\"twitter:card\" content=\"summary_large_image\" \/>\n<meta name=\"twitter:label1\" content=\"Dur\u00e9e de lecture estim\u00e9e\" \/>\n\t<meta name=\"twitter:data1\" content=\"1 minute\" \/>\n<script type=\"application\/ld+json\" class=\"yoast-schema-graph\">{\"@context\":\"https:\/\/schema.org\",\"@graph\":[{\"@type\":\"WebPage\",\"@id\":\"https:\/\/lejardindegwenn.fr\/index.php\/plateau-de-crepes\/\",\"url\":\"https:\/\/lejardindegwenn.fr\/index.php\/plateau-de-crepes\/\",\"name\":\"Plateau de cr\u00eapes - Le Jardin de Gwenn\",\"isPartOf\":{\"@id\":\"https:\/\/lejardindegwenn.fr\/#website\"},\"datePublished\":\"2026-08-30T18:10:47+00:00\",\"dateModified\":\"2026-08-30T18:10:48+00:00\",\"description\":\"Partagez un moment convivial et profitez d'un plateau de 60 de nous fameuses cr\u00eapes sucr\u00e9es avec 2 tartinades au choix.\",\"breadcrumb\":{\"@id\":\"https:\/\/lejardindegwenn.fr\/index.php\/plateau-de-crepes\/#breadcrumb\"},\"inLanguage\":\"fr-FR\",\"potentialAction\":[{\"@type\":\"ReadAction\",\"target\":[\"https:\/\/lejardindegwenn.fr\/index.php\/plateau-de-crepes\/\"]}]},{\"@type\":\"BreadcrumbList\",\"@id\":\"https:\/\/lejardindegwenn.fr\/index.php\/plateau-de-crepes\/#breadcrumb\",\"itemListElement\":[{\"@type\":\"ListItem\",\"position\":1,\"name\":\"Accueil\",\"item\":\"https:\/\/lejardindegwenn.fr\/\"},{\"@type\":\"ListItem\",\"position\":2,\"name\":\"Plateau de cr\u00eapes\"}]},{\"@type\":\"WebSite\",\"@id\":\"https:\/\/lejardindegwenn.fr\/#website\",\"url\":\"https:\/\/lejardindegwenn.fr\/\",\"name\":\"Le Jardin de Gwenn\",\"description\":\"Restaurant @ P\u00e2tisserie \u00e0 Brest\",\"publisher\":{\"@id\":\"https:\/\/lejardindegwenn.fr\/#organization\"},\"potentialAction\":[{\"@type\":\"SearchAction\",\"target\":{\"@type\":\"EntryPoint\",\"urlTemplate\":\"https:\/\/lejardindegwenn.fr\/?s={search_term_string}\"},\"query-input\":{\"@type\":\"PropertyValueSpecification\",\"valueRequired\":true,\"valueName\":\"search_term_string\"}}],\"inLanguage\":\"fr-FR\"},{\"@type\":\"Organization\",\"@id\":\"https:\/\/lejardindegwenn.fr\/#organization\",\"name\":\"Le Jardin de Gwenn\",\"url\":\"https:\/\/lejardindegwenn.fr\/\",\"logo\":{\"@type\":\"ImageObject\",\"inLanguage\":\"fr-FR\",\"@id\":\"https:\/\/lejardindegwenn.fr\/#\/schema\/logo\/image\/\",\"url\":\"https:\/\/lejardindegwenn.fr\/wp-content\/uploads\/2022\/12\/cropped-Logo-jdg-.png\",\"contentUrl\":\"https:\/\/lejardindegwenn.fr\/wp-content\/uploads\/2022\/12\/cropped-Logo-jdg-.png\",\"width\":615,\"height\":406,\"caption\":\"Le Jardin de Gwenn\"},\"image\":{\"@id\":\"https:\/\/lejardindegwenn.fr\/#\/schema\/logo\/image\/\"},\"sameAs\":[\"https:\/\/www.facebook.com\/lejardindegwenn\/?locale=fr_FR\",\"https:\/\/www.instagram.com\/le_jardin_de_gwenn\/?hl=fr\"]}]}<\/script>\n<!-- \/ Yoast SEO plugin. -->","yoast_head_json":{"title":"Plateau de cr\u00eapes - Le Jardin de Gwenn","description":"Partagez un moment convivial et profitez d'un plateau de 60 de nous fameuses cr\u00eapes sucr\u00e9es avec 2 tartinades au choix.","robots":{"index":"index","follow":"follow","max-snippet":"max-snippet:-1","max-image-preview":"max-image-preview:large","max-video-preview":"max-video-preview:-1"},"canonical":"https:\/\/lejardindegwenn.fr\/index.php\/plateau-de-crepes\/","og_locale":"fr_FR","og_type":"article","og_title":"Plateau de cr\u00eapes - Le Jardin de Gwenn","og_description":"Partagez un moment convivial et profitez d'un plateau de 60 de nous fameuses cr\u00eapes sucr\u00e9es avec 2 tartinades au choix.","og_url":"https:\/\/lejardindegwenn.fr\/index.php\/plateau-de-crepes\/","og_site_name":"Le Jardin de Gwenn","article_publisher":"https:\/\/www.facebook.com\/lejardindegwenn\/?locale=fr_FR","article_modified_time":"2026-08-30T18:10:48+00:00","twitter_card":"summary_large_image","twitter_misc":{"Dur\u00e9e de lecture estim\u00e9e":"1 minute"},"schema":{"@context":"https:\/\/schema.org","@graph":[{"@type":"WebPage","@id":"https:\/\/lejardindegwenn.fr\/index.php\/plateau-de-crepes\/","url":"https:\/\/lejardindegwenn.fr\/index.php\/plateau-de-crepes\/","name":"Plateau de cr\u00eapes - Le Jardin de Gwenn","isPartOf":{"@id":"https:\/\/lejardindegwenn.fr\/#website"},"datePublished":"2026-08-30T18:10:47+00:00","dateModified":"2026-08-30T18:10:48+00:00","description":"Partagez un moment convivial et profitez d'un plateau de 60 de nous fameuses cr\u00eapes sucr\u00e9es avec 2 tartinades au choix.","breadcrumb":{"@id":"https:\/\/lejardindegwenn.fr\/index.php\/plateau-de-crepes\/#breadcrumb"},"inLanguage":"fr-FR","potentialAction":[{"@type":"ReadAction","target":["https:\/\/lejardindegwenn.fr\/index.php\/plateau-de-crepes\/"]}]},{"@type":"BreadcrumbList","@id":"https:\/\/lejardindegwenn.fr\/index.php\/plateau-de-crepes\/#breadcrumb","itemListElement":[{"@type":"ListItem","position":1,"name":"Accueil","item":"https:\/\/lejardindegwenn.fr\/"},{"@type":"ListItem","position":2,"name":"Plateau de cr\u00eapes"}]},{"@type":"WebSite","@id":"https:\/\/lejardindegwenn.fr\/#website","url":"https:\/\/lejardindegwenn.fr\/","name":"Le Jardin de Gwenn","description":"Restaurant @ P\u00e2tisserie \u00e0 Brest","publisher":{"@id":"https:\/\/lejardindegwenn.fr\/#organization"},"potentialAction":[{"@type":"SearchAction","target":{"@type":"EntryPoint","urlTemplate":"https:\/\/lejardindegwenn.fr\/?s={search_term_string}"},"query-input":{"@type":"PropertyValueSpecification","valueRequired":true,"valueName":"search_term_string"}}],"inLanguage":"fr-FR"},{"@type":"Organization","@id":"https:\/\/lejardindegwenn.fr\/#organization","name":"Le Jardin de Gwenn","url":"https:\/\/lejardindegwenn.fr\/","logo":{"@type":"ImageObject","inLanguage":"fr-FR","@id":"https:\/\/lejardindegwenn.fr\/#\/schema\/logo\/image\/","url":"https:\/\/lejardindegwenn.fr\/wp-content\/uploads\/2022\/12\/cropped-Logo-jdg-.png","contentUrl":"https:\/\/lejardindegwenn.fr\/wp-content\/uploads\/2022\/12\/cropped-Logo-jdg-.png","width":615,"height":406,"caption":"Le Jardin de Gwenn"},"image":{"@id":"https:\/\/lejardindegwenn.fr\/#\/schema\/logo\/image\/"},"sameAs":["https:\/\/www.facebook.com\/lejardindegwenn\/?locale=fr_FR","https:\/\/www.instagram.com\/le_jardin_de_gwenn\/?hl=fr"]}]}},"jetpack_sharing_enabled":true,"_links":{"self":[{"href":"https:\/\/lejardindegwenn.fr\/index.php\/wp-json\/wp\/v2\/pages\/5795","targetHints":{"allow":["GET"]}}],"collection":[{"href":"https:\/\/lejardindegwenn.fr\/index.php\/wp-json\/wp\/v2\/pages"}],"about":[{"href":"https:\/\/lejardindegwenn.fr\/index.php\/wp-json\/wp\/v2\/types\/page"}],"author":[{"embeddable":true,"href":"https:\/\/lejardindegwenn.fr\/index.php\/wp-json\/wp\/v2\/users\/1"}],"replies":[{"embeddable":true,"href":"https:\/\/lejardindegwenn.fr\/index.php\/wp-json\/wp\/v2\/comments?post=5795"}],"version-history":[{"count":1,"href":"https:\/\/lejardindegwenn.fr\/index.php\/wp-json\/wp\/v2\/pages\/5795\/revisions"}],"predecessor-version":[{"id":5805,"href":"https:\/\/lejardindegwenn.fr\/index.php\/wp-json\/wp\/v2\/pages\/5795\/revisions\/5805"}],"wp:attachment":[{"href":"https:\/\/lejardindegwenn.fr\/index.php\/wp-json\/wp\/v2\/media?parent=5795"}],"curies":[{"name":"wp","href":"https:\/\/api.w.org\/{rel}","templated":true}]}}