{"id":5809,"date":"2026-09-03T15:19:25","date_gmt":"2026-09-03T13:19:25","guid":{"rendered":"https:\/\/lejardindegwenn.fr\/?page_id=5809"},"modified":"2026-09-03T15:20:58","modified_gmt":"2026-09-03T13:20:58","slug":"box-wrap","status":"publish","type":"page","link":"https:\/\/lejardindegwenn.fr\/index.php\/box-wrap\/","title":{"rendered":"Box Wrap"},"content":{"rendered":"<style>.wp-block-kadence-advancedheading.kt-adv-heading5809_c75416-49, .wp-block-kadence-advancedheading.kt-adv-heading5809_c75416-49[data-kb-block=\"kb-adv-heading5809_c75416-49\"]{text-align:center;font-size:40px;font-style:normal;font-family:\"Palatino Linotype\", \"Book Antiqua\", Palatino, serif;color:#506a4d;}.wp-block-kadence-advancedheading.kt-adv-heading5809_c75416-49 mark.kt-highlight, .wp-block-kadence-advancedheading.kt-adv-heading5809_c75416-49[data-kb-block=\"kb-adv-heading5809_c75416-49\"] mark.kt-highlight{font-style:normal;color:#f76a0c;-webkit-box-decoration-break:clone;box-decoration-break:clone;padding-top:0px;padding-right:0px;padding-bottom:0px;padding-left:0px;}<\/style>\n<h2 class=\"kt-adv-heading5809_c75416-49 wp-block-kadence-advancedheading\" data-kb-block=\"kb-adv-heading5809_c75416-49\">BOX WRAP<\/h2>\n\n\n<style>.wp-block-kadence-advancedheading.kt-adv-heading5809_742464-59, .wp-block-kadence-advancedheading.kt-adv-heading5809_742464-59[data-kb-block=\"kb-adv-heading5809_742464-59\"]{text-align:center;font-size:20px;font-style:normal;font-family:\"Palatino Linotype\", \"Book Antiqua\", Palatino, serif;color:#506a4d;}.wp-block-kadence-advancedheading.kt-adv-heading5809_742464-59 mark.kt-highlight, .wp-block-kadence-advancedheading.kt-adv-heading5809_742464-59[data-kb-block=\"kb-adv-heading5809_742464-59\"] mark.kt-highlight{font-style:normal;color:#f76a0c;-webkit-box-decoration-break:clone;box-decoration-break:clone;padding-top:0px;padding-right:0px;padding-bottom:0px;padding-left:0px;}<\/style>\n<p class=\"kt-adv-heading5809_742464-59 wp-block-kadence-advancedheading\" data-kb-block=\"kb-adv-heading5809_742464-59\">Une box color\u00e9e, g\u00e9n\u00e9reuse et pleine de fra\u00eecheur. Retrouvez notre box <strong>Box Wrap<\/strong>, chacun pioche, go\u00fbte et partage selon ses envies. Retrouvez un assortiment de wraps uniques et vari\u00e9s, pr\u00e9par\u00e9s avec soin. Pour un d\u00e9jeuner entre coll\u00e8gues, un repas entre amis, un ap\u00e9ritif d\u00eenatoire, la <strong>Box Wrap<\/strong> accompagne tous vos moments de partage.<\/p>\n\n\n<style>.wp-block-kadence-advancedgallery .kb-gallery-type-masonry.kb-gallery-id-5809_36dce4-fe{margin:-5px;}.kb-gallery-type-masonry.kb-gallery-id-5809_36dce4-fe .kadence-blocks-gallery-item{padding:5px;}.kb-gallery-id-5809_36dce4-fe .kadence-blocks-gallery-item .kb-gal-image-radius, .kb-gallery-id-5809_36dce4-fe .kb-slide-item .kb-gal-image-radius img{border-radius:0px 0px 0px 0px;;}<\/style><div class=\"kb-gallery-wrap-id-5809_36dce4-fe alignnone wp-block-kadence-advancedgallery\"><ul class=\"kb-gallery-ul kb-gallery-non-static kb-gallery-type-masonry kb-masonry-init kb-gallery-id-5809_36dce4-fe kb-gallery-caption-style-bottom-hover kb-gallery-filter-none\" data-image-filter=\"none\" data-item-selector=\".kadence-blocks-gallery-item\" data-lightbox-caption=\"true\" data-columns-xxl=\"2\" data-columns-xl=\"2\" data-columns-md=\"2\" data-columns-sm=\"2\" data-columns-xs=\"1\" data-columns-ss=\"1\"><li class=\"kadence-blocks-gallery-item\"><div class=\"kadence-blocks-gallery-item-inner\"><figure class=\"kb-gallery-figure kadence-blocks-gallery-item-hide-caption\"><div class=\"kb-gal-image-radius\" style=\"max-width:683px;\"><div class=\"kb-gallery-image-contain kadence-blocks-gallery-intrinsic\" style=\"padding-bottom:149%;\"><img fetchpriority=\"high\" decoding=\"async\" src=\"https:\/\/lejardindegwenn.fr\/wp-content\/uploads\/2026\/09\/DSC04610-683x1024.jpg\" width=\"683\" height=\"1024\" alt=\"\" data-full-image=\"https:\/\/lejardindegwenn.fr\/wp-content\/uploads\/2026\/09\/DSC04610-scaled.jpg\" data-light-image=\"https:\/\/lejardindegwenn.fr\/wp-content\/uploads\/2026\/09\/DSC04610-scaled.jpg\" data-id=\"5814\" class=\"wp-image-5814\" srcset=\"https:\/\/lejardindegwenn.fr\/wp-content\/uploads\/2026\/09\/DSC04610-683x1024.jpg 683w, https:\/\/lejardindegwenn.fr\/wp-content\/uploads\/2026\/09\/DSC04610-200x300.jpg 200w, https:\/\/lejardindegwenn.fr\/wp-content\/uploads\/2026\/09\/DSC04610-768x1152.jpg 768w, https:\/\/lejardindegwenn.fr\/wp-content\/uploads\/2026\/09\/DSC04610-scaled.jpg 1707w\" sizes=\"(max-width: 683px) 100vw, 683px\" \/><\/div><\/div><\/figure><\/div><\/li><li class=\"kadence-blocks-gallery-item\"><div class=\"kadence-blocks-gallery-item-inner\"><figure class=\"kb-gallery-figure kadence-blocks-gallery-item-hide-caption\"><div class=\"kb-gal-image-radius\" style=\"max-width:1707px;\"><div class=\"kb-gallery-image-contain kadence-blocks-gallery-intrinsic\" style=\"padding-bottom:149%;\"><img decoding=\"async\" data-src=\"https:\/\/lejardindegwenn.fr\/wp-content\/uploads\/2026\/09\/DSC04616-scaled.jpg\" width=\"1707\" height=\"2560\" alt=\"\" data-full-image=\"https:\/\/lejardindegwenn.fr\/wp-content\/uploads\/2026\/09\/DSC04616-scaled.jpg\" data-light-image=\"https:\/\/lejardindegwenn.fr\/wp-content\/uploads\/2026\/09\/DSC04616-scaled.jpg\" data-id=\"5811\" class=\"wp-image-5811 lazyload\" data-srcset=\"https:\/\/lejardindegwenn.fr\/wp-content\/uploads\/2026\/09\/DSC04616-scaled.jpg 1707w, https:\/\/lejardindegwenn.fr\/wp-content\/uploads\/2026\/09\/DSC04616-200x300.jpg 200w\" data-sizes=\"(max-width: 1707px) 100vw, 1707px\" src=\"data:image\/svg+xml;base64,PHN2ZyB3aWR0aD0iMSIgaGVpZ2h0PSIxIiB4bWxucz0iaHR0cDovL3d3dy53My5vcmcvMjAwMC9zdmciPjwvc3ZnPg==\" style=\"--smush-placeholder-width: 1707px; --smush-placeholder-aspect-ratio: 1707\/2560;\" \/><\/div><\/div><\/figure><\/div><\/li><\/ul><\/div>\n\n<style>.wp-block-kadence-advancedheading.kt-adv-heading5809_e2b476-58, .wp-block-kadence-advancedheading.kt-adv-heading5809_e2b476-58[data-kb-block=\"kb-adv-heading5809_e2b476-58\"]{text-align:center;font-size:20px;font-style:normal;font-family:\"Palatino Linotype\", \"Book Antiqua\", Palatino, serif;color:#506a4d;}.wp-block-kadence-advancedheading.kt-adv-heading5809_e2b476-58 mark.kt-highlight, .wp-block-kadence-advancedheading.kt-adv-heading5809_e2b476-58[data-kb-block=\"kb-adv-heading5809_e2b476-58\"] mark.kt-highlight{font-style:normal;color:#f76a0c;-webkit-box-decoration-break:clone;box-decoration-break:clone;padding-top:0px;padding-right:0px;padding-bottom:0px;padding-left:0px;}<\/style>\n<p class=\"kt-adv-heading5809_e2b476-58 wp-block-kadence-advancedheading\" data-kb-block=\"kb-adv-heading5809_e2b476-58\">Cette box est compos\u00e9e de 20 wraps, avec 4 recettes diff\u00e9rentes, pour 42 \u20ac. La composition est susceptible de varier selon les inspirations et les produits du moment. Nous avons imagin\u00e9 plusieurs recettes pour satisfaire toutes les envies !<\/p>\n\n\n<style>.wp-block-kadence-advancedheading.kt-adv-heading5809_498295-56, .wp-block-kadence-advancedheading.kt-adv-heading5809_498295-56[data-kb-block=\"kb-adv-heading5809_498295-56\"]{text-align:center;font-size:20px;font-style:normal;font-family:\"Palatino Linotype\", \"Book Antiqua\", Palatino, serif;color:#506a4d;}.wp-block-kadence-advancedheading.kt-adv-heading5809_498295-56 mark.kt-highlight, .wp-block-kadence-advancedheading.kt-adv-heading5809_498295-56[data-kb-block=\"kb-adv-heading5809_498295-56\"] mark.kt-highlight{font-style:normal;color:#f76a0c;-webkit-box-decoration-break:clone;box-decoration-break:clone;padding-top:0px;padding-right:0px;padding-bottom:0px;padding-left:0px;}<\/style>\n<p class=\"kt-adv-heading5809_498295-56 wp-block-kadence-advancedheading\" data-kb-block=\"kb-adv-heading5809_498295-56\"><strong>Voici les 4 recettes pr\u00e9sentes dans la Box Wrap : <\/strong><br>Cr\u00e8me ch\u00e8vre\/noix, oeuf brouill\u00e9, \u00e9pinard, tomate confite<br>Sauce burger, salade, cheddar, poulet pan\u00e9<br>Guacamole, saumon, concombre, roquette<br>Stracciatella, roquette, oignon rouge, pesto<\/p>\n\n\n<style>.wp-block-kadence-advancedheading.kt-adv-heading5809_8daf46-d4, .wp-block-kadence-advancedheading.kt-adv-heading5809_8daf46-d4[data-kb-block=\"kb-adv-heading5809_8daf46-d4\"]{text-align:center;font-size:20px;font-style:normal;font-family:\"Palatino Linotype\", \"Book Antiqua\", Palatino, serif;color:#506a4d;}.wp-block-kadence-advancedheading.kt-adv-heading5809_8daf46-d4 mark.kt-highlight, .wp-block-kadence-advancedheading.kt-adv-heading5809_8daf46-d4[data-kb-block=\"kb-adv-heading5809_8daf46-d4\"] mark.kt-highlight{font-style:normal;color:#f76a0c;-webkit-box-decoration-break:clone;box-decoration-break:clone;padding-top:0px;padding-right:0px;padding-bottom:0px;padding-left:0px;}<\/style>\n<p class=\"kt-adv-heading5809_8daf46-d4 wp-block-kadence-advancedheading\" data-kb-block=\"kb-adv-heading5809_8daf46-d4\"><em>Accompagnez votre Box Wrap d&rsquo;une <a href=\"https:\/\/lejardindegwenn.fr\/index.php\/box-salee\/\">Box mignardise sal\u00e9e<\/a> ou de <a href=\"https:\/\/lejardindegwenn.fr\/index.php\/box-verrines-sucrees-et-salees\/\">Verrines<\/a> afin de compl\u00e9ter votre buffet.<\/em><\/p>\n\n\n<style>.wp-block-kadence-advancedheading.kt-adv-heading5809_bf4da9-13, .wp-block-kadence-advancedheading.kt-adv-heading5809_bf4da9-13[data-kb-block=\"kb-adv-heading5809_bf4da9-13\"]{text-align:center;font-size:var(--global-kb-font-size-sm, 0.9rem);font-style:normal;font-family:\"Palatino Linotype\", \"Book Antiqua\", Palatino, serif;color:#506a4d;}.wp-block-kadence-advancedheading.kt-adv-heading5809_bf4da9-13 mark.kt-highlight, .wp-block-kadence-advancedheading.kt-adv-heading5809_bf4da9-13[data-kb-block=\"kb-adv-heading5809_bf4da9-13\"] mark.kt-highlight{font-style:normal;color:#f76a0c;-webkit-box-decoration-break:clone;box-decoration-break:clone;padding-top:0px;padding-right:0px;padding-bottom:0px;padding-left:0px;}<\/style>\n<p class=\"kt-adv-heading5809_bf4da9-13 wp-block-kadence-advancedheading\" data-kb-block=\"kb-adv-heading5809_bf4da9-13\">La box est \u00e0 commander par uniquement par t\u00e9l\u00e9phone au <strong>0256318601<\/strong> ou sur place au <strong>1 rue St-Martin \u00e0 Brest<\/strong><\/p>\n","protected":false},"excerpt":{"rendered":"<p>BOX WRAP Une box color\u00e9e, g\u00e9n\u00e9reuse et pleine de fra\u00eecheur. Retrouvez notre box Box Wrap, chacun pioche, go\u00fbte et partage selon ses envies. Retrouvez un assortiment de wraps uniques et vari\u00e9s, pr\u00e9par\u00e9s avec soin. Pour un d\u00e9jeuner entre coll\u00e8gues, un repas entre amis, un ap\u00e9ritif d\u00eenatoire, la Box Wrap accompagne tous vos moments de partage. &hellip; <\/p>\n<p class=\"link-more\"><a href=\"https:\/\/lejardindegwenn.fr\/index.php\/box-wrap\/\" class=\"more-link\">Lire la suite de<span class=\"screen-reader-text\">\u00ab\u00a0Box Wrap\u00a0\u00bb<\/span><\/a><\/p>\n","protected":false},"author":1,"featured_media":0,"parent":0,"menu_order":0,"comment_status":"closed","ping_status":"closed","template":"","meta":{"_monsterinsights_skip_tracking":false,"_monsterinsights_sitenote_active":false,"_monsterinsights_sitenote_note":"","_monsterinsights_sitenote_category":0,"footnotes":""},"class_list":["post-5809","page","type-page","status-publish","hentry"],"yoast_head":"<!-- This site is optimized with the Yoast SEO plugin v26.1.1 - https:\/\/yoast.com\/wordpress\/plugins\/seo\/ -->\n<title>Box Wrap - Le Jardin de Gwenn<\/title>\n<meta name=\"robots\" content=\"index, follow, max-snippet:-1, max-image-preview:large, max-video-preview:-1\" \/>\n<link rel=\"canonical\" href=\"https:\/\/lejardindegwenn.fr\/index.php\/box-wrap\/\" \/>\n<meta property=\"og:locale\" content=\"fr_FR\" \/>\n<meta property=\"og:type\" content=\"article\" \/>\n<meta property=\"og:title\" content=\"Box Wrap - Le Jardin de Gwenn\" \/>\n<meta property=\"og:description\" content=\"BOX WRAP Une box color\u00e9e, g\u00e9n\u00e9reuse et pleine de fra\u00eecheur. Retrouvez notre box Box Wrap, chacun pioche, go\u00fbte et partage selon ses envies. Retrouvez un assortiment de wraps uniques et vari\u00e9s, pr\u00e9par\u00e9s avec soin. Pour un d\u00e9jeuner entre coll\u00e8gues, un repas entre amis, un ap\u00e9ritif d\u00eenatoire, la Box Wrap accompagne tous vos moments de partage. &hellip; Lire la suite de\u00ab\u00a0Box Wrap\u00a0\u00bb\" \/>\n<meta property=\"og:url\" content=\"https:\/\/lejardindegwenn.fr\/index.php\/box-wrap\/\" \/>\n<meta property=\"og:site_name\" content=\"Le Jardin de Gwenn\" \/>\n<meta property=\"article:publisher\" content=\"https:\/\/www.facebook.com\/lejardindegwenn\/?locale=fr_FR\" \/>\n<meta property=\"article:modified_time\" content=\"2026-09-03T13:20:58+00:00\" \/>\n<meta name=\"twitter:card\" content=\"summary_large_image\" \/>\n<meta name=\"twitter:label1\" content=\"Dur\u00e9e de lecture estim\u00e9e\" \/>\n\t<meta name=\"twitter:data1\" content=\"1 minute\" \/>\n<script type=\"application\/ld+json\" class=\"yoast-schema-graph\">{\"@context\":\"https:\/\/schema.org\",\"@graph\":[{\"@type\":\"WebPage\",\"@id\":\"https:\/\/lejardindegwenn.fr\/index.php\/box-wrap\/\",\"url\":\"https:\/\/lejardindegwenn.fr\/index.php\/box-wrap\/\",\"name\":\"Box Wrap - Le Jardin de Gwenn\",\"isPartOf\":{\"@id\":\"https:\/\/lejardindegwenn.fr\/#website\"},\"datePublished\":\"2026-09-03T13:19:25+00:00\",\"dateModified\":\"2026-09-03T13:20:58+00:00\",\"breadcrumb\":{\"@id\":\"https:\/\/lejardindegwenn.fr\/index.php\/box-wrap\/#breadcrumb\"},\"inLanguage\":\"fr-FR\",\"potentialAction\":[{\"@type\":\"ReadAction\",\"target\":[\"https:\/\/lejardindegwenn.fr\/index.php\/box-wrap\/\"]}]},{\"@type\":\"BreadcrumbList\",\"@id\":\"https:\/\/lejardindegwenn.fr\/index.php\/box-wrap\/#breadcrumb\",\"itemListElement\":[{\"@type\":\"ListItem\",\"position\":1,\"name\":\"Accueil\",\"item\":\"https:\/\/lejardindegwenn.fr\/\"},{\"@type\":\"ListItem\",\"position\":2,\"name\":\"Box Wrap\"}]},{\"@type\":\"WebSite\",\"@id\":\"https:\/\/lejardindegwenn.fr\/#website\",\"url\":\"https:\/\/lejardindegwenn.fr\/\",\"name\":\"Le Jardin de Gwenn\",\"description\":\"Restaurant @ P\u00e2tisserie \u00e0 Brest\",\"publisher\":{\"@id\":\"https:\/\/lejardindegwenn.fr\/#organization\"},\"potentialAction\":[{\"@type\":\"SearchAction\",\"target\":{\"@type\":\"EntryPoint\",\"urlTemplate\":\"https:\/\/lejardindegwenn.fr\/?s={search_term_string}\"},\"query-input\":{\"@type\":\"PropertyValueSpecification\",\"valueRequired\":true,\"valueName\":\"search_term_string\"}}],\"inLanguage\":\"fr-FR\"},{\"@type\":\"Organization\",\"@id\":\"https:\/\/lejardindegwenn.fr\/#organization\",\"name\":\"Le Jardin de Gwenn\",\"url\":\"https:\/\/lejardindegwenn.fr\/\",\"logo\":{\"@type\":\"ImageObject\",\"inLanguage\":\"fr-FR\",\"@id\":\"https:\/\/lejardindegwenn.fr\/#\/schema\/logo\/image\/\",\"url\":\"https:\/\/lejardindegwenn.fr\/wp-content\/uploads\/2022\/12\/cropped-Logo-jdg-.png\",\"contentUrl\":\"https:\/\/lejardindegwenn.fr\/wp-content\/uploads\/2022\/12\/cropped-Logo-jdg-.png\",\"width\":615,\"height\":406,\"caption\":\"Le Jardin de Gwenn\"},\"image\":{\"@id\":\"https:\/\/lejardindegwenn.fr\/#\/schema\/logo\/image\/\"},\"sameAs\":[\"https:\/\/www.facebook.com\/lejardindegwenn\/?locale=fr_FR\",\"https:\/\/www.instagram.com\/le_jardin_de_gwenn\/?hl=fr\"]}]}<\/script>\n<!-- \/ Yoast SEO plugin. -->","yoast_head_json":{"title":"Box Wrap - Le Jardin de Gwenn","robots":{"index":"index","follow":"follow","max-snippet":"max-snippet:-1","max-image-preview":"max-image-preview:large","max-video-preview":"max-video-preview:-1"},"canonical":"https:\/\/lejardindegwenn.fr\/index.php\/box-wrap\/","og_locale":"fr_FR","og_type":"article","og_title":"Box Wrap - Le Jardin de Gwenn","og_description":"BOX WRAP Une box color\u00e9e, g\u00e9n\u00e9reuse et pleine de fra\u00eecheur. Retrouvez notre box Box Wrap, chacun pioche, go\u00fbte et partage selon ses envies. Retrouvez un assortiment de wraps uniques et vari\u00e9s, pr\u00e9par\u00e9s avec soin. Pour un d\u00e9jeuner entre coll\u00e8gues, un repas entre amis, un ap\u00e9ritif d\u00eenatoire, la Box Wrap accompagne tous vos moments de partage. &hellip; Lire la suite de\u00ab\u00a0Box Wrap\u00a0\u00bb","og_url":"https:\/\/lejardindegwenn.fr\/index.php\/box-wrap\/","og_site_name":"Le Jardin de Gwenn","article_publisher":"https:\/\/www.facebook.com\/lejardindegwenn\/?locale=fr_FR","article_modified_time":"2026-09-03T13:20:58+00:00","twitter_card":"summary_large_image","twitter_misc":{"Dur\u00e9e de lecture estim\u00e9e":"1 minute"},"schema":{"@context":"https:\/\/schema.org","@graph":[{"@type":"WebPage","@id":"https:\/\/lejardindegwenn.fr\/index.php\/box-wrap\/","url":"https:\/\/lejardindegwenn.fr\/index.php\/box-wrap\/","name":"Box Wrap - Le Jardin de Gwenn","isPartOf":{"@id":"https:\/\/lejardindegwenn.fr\/#website"},"datePublished":"2026-09-03T13:19:25+00:00","dateModified":"2026-09-03T13:20:58+00:00","breadcrumb":{"@id":"https:\/\/lejardindegwenn.fr\/index.php\/box-wrap\/#breadcrumb"},"inLanguage":"fr-FR","potentialAction":[{"@type":"ReadAction","target":["https:\/\/lejardindegwenn.fr\/index.php\/box-wrap\/"]}]},{"@type":"BreadcrumbList","@id":"https:\/\/lejardindegwenn.fr\/index.php\/box-wrap\/#breadcrumb","itemListElement":[{"@type":"ListItem","position":1,"name":"Accueil","item":"https:\/\/lejardindegwenn.fr\/"},{"@type":"ListItem","position":2,"name":"Box Wrap"}]},{"@type":"WebSite","@id":"https:\/\/lejardindegwenn.fr\/#website","url":"https:\/\/lejardindegwenn.fr\/","name":"Le Jardin de Gwenn","description":"Restaurant @ P\u00e2tisserie \u00e0 Brest","publisher":{"@id":"https:\/\/lejardindegwenn.fr\/#organization"},"potentialAction":[{"@type":"SearchAction","target":{"@type":"EntryPoint","urlTemplate":"https:\/\/lejardindegwenn.fr\/?s={search_term_string}"},"query-input":{"@type":"PropertyValueSpecification","valueRequired":true,"valueName":"search_term_string"}}],"inLanguage":"fr-FR"},{"@type":"Organization","@id":"https:\/\/lejardindegwenn.fr\/#organization","name":"Le Jardin de Gwenn","url":"https:\/\/lejardindegwenn.fr\/","logo":{"@type":"ImageObject","inLanguage":"fr-FR","@id":"https:\/\/lejardindegwenn.fr\/#\/schema\/logo\/image\/","url":"https:\/\/lejardindegwenn.fr\/wp-content\/uploads\/2022\/12\/cropped-Logo-jdg-.png","contentUrl":"https:\/\/lejardindegwenn.fr\/wp-content\/uploads\/2022\/12\/cropped-Logo-jdg-.png","width":615,"height":406,"caption":"Le Jardin de Gwenn"},"image":{"@id":"https:\/\/lejardindegwenn.fr\/#\/schema\/logo\/image\/"},"sameAs":["https:\/\/www.facebook.com\/lejardindegwenn\/?locale=fr_FR","https:\/\/www.instagram.com\/le_jardin_de_gwenn\/?hl=fr"]}]}},"jetpack_sharing_enabled":true,"_links":{"self":[{"href":"https:\/\/lejardindegwenn.fr\/index.php\/wp-json\/wp\/v2\/pages\/5809","targetHints":{"allow":["GET"]}}],"collection":[{"href":"https:\/\/lejardindegwenn.fr\/index.php\/wp-json\/wp\/v2\/pages"}],"about":[{"href":"https:\/\/lejardindegwenn.fr\/index.php\/wp-json\/wp\/v2\/types\/page"}],"author":[{"embeddable":true,"href":"https:\/\/lejardindegwenn.fr\/index.php\/wp-json\/wp\/v2\/users\/1"}],"replies":[{"embeddable":true,"href":"https:\/\/lejardindegwenn.fr\/index.php\/wp-json\/wp\/v2\/comments?post=5809"}],"version-history":[{"count":1,"href":"https:\/\/lejardindegwenn.fr\/index.php\/wp-json\/wp\/v2\/pages\/5809\/revisions"}],"predecessor-version":[{"id":5817,"href":"https:\/\/lejardindegwenn.fr\/index.php\/wp-json\/wp\/v2\/pages\/5809\/revisions\/5817"}],"wp:attachment":[{"href":"https:\/\/lejardindegwenn.fr\/index.php\/wp-json\/wp\/v2\/media?parent=5809"}],"curies":[{"name":"wp","href":"https:\/\/api.w.org\/{rel}","templated":true}]}}